{"id":49,"date":"2026-04-13T21:02:43","date_gmt":"2026-04-13T19:02:43","guid":{"rendered":"https:\/\/katarzynamatusz.pl\/?page_id=49"},"modified":"2026-04-14T21:19:52","modified_gmt":"2026-04-14T19:19:52","slug":"wywiady","status":"publish","type":"page","link":"https:\/\/katarzynamatusz.pl\/?page_id=49","title":{"rendered":"Wywiady"},"content":{"rendered":"\n<p style=\"font-size:15px\">09.12.2025, Radio Plus, <a href=\"https:\/\/www.youtube.com\/watch?v=zQvPHod8GDQ\" type=\"link\" id=\"https:\/\/www.youtube.com\/watch?v=zQvPHod8GDQ\">Katarzyna Matusz i Stanis\u0142aw Szlassa byli go\u015b\u0107mi red. Paw\u0142a Krzemi\u0144skiego z ksi\u0105\u017ck\u0105 &#8222;365 my\u015bli, z kt\u00f3rymi nie musisz si\u0119 zgadza\u0107&#8221;<\/a><\/p>\n\n\n\n<p style=\"font-size:15px\">15.02.2025, RDC, <a href=\"https:\/\/www.rdc.pl\/podcast\/popoludnie-radia-dla-ciebie_FCt8vL79UA9lmdeTkti3?episode=flT2l9OReIOU7lEA0NBk&amp;active_page=11\" type=\"link\" id=\"https:\/\/www.rdc.pl\/podcast\/popoludnie-radia-dla-ciebie_FCt8vL79UA9lmdeTkti3?episode=flT2l9OReIOU7lEA0NBk&amp;active_page=11\">Jak chorowa\u0107? Pytania, kt\u00f3rych si\u0119 boimy, Katarzyna Matusz i Stanis\u0142aw Szlassa byli go\u015b\u0107mi red. \u0141ukasza Bo\u017cyckiego<\/a><\/p>\n\n\n\n<p style=\"font-size:15px\">19.04.2023, Poranek Si\u00f3dma9,&nbsp;<a href=\"https:\/\/siodma9.pl\/katarzyna-matusz-i-ks-stanislaw-szlassa-mezczyzna-ale-jaki\/\" target=\"_blank\" rel=\"noreferrer noopener\">Katarzyna Matusz i ks. Stanis\u0142aw Szlassa z ksi\u0105\u017ck\u0105 \u201cM\u0119\u017cczyzna, ale jaki?\u201d go\u015bcili u red.&nbsp;Anny Czytowskiej,<\/a><\/p>\n\n\n\n<p style=\"font-size:15px\">13.04.2023, Radio Profeto, Katarzyna Matusz z ksi\u0105\u017ck\u0105 \u201eM\u0119\u017cczyzna, ale jaki?\u201d go\u015bci\u0142a u red. Ma\u0142gorzaty Terlikowskiej<\/p>\n\n\n\n<p style=\"font-size:15px\">12.04.2023, Radio Rodzina Kalisz,&nbsp;<a href=\"https:\/\/www.radiorodzina.kalisz.pl\/publications\/files\/listen\/10002\/\" target=\"_blank\" rel=\"noreferrer noopener\">Stanis\u0142aw Szlassa i Katarzyna Matusz w rozmowie z red. Karolin\u0105 Gawe\u0142 o ksi\u0105\u017cce \u201eM\u0119\u017cczyzna, ale jaki?\u201d<\/a><\/p>\n\n\n\n<p style=\"font-size:15px\">08.04.2023, Radio Eska Rock,&nbsp;<a href=\"https:\/\/www.youtube.com\/watch?v=xHONnHlrXDY\" target=\"_blank\" rel=\"noreferrer noopener\">Stanis\u0142aw Szlassa i Katarzyna Matusz go\u015b\u0107mi red. Micha\u0142a Pokl\u0119kowskiego w audycji \u201eDrogowskazy\u201d w rozmowie dot. \u017cyciowych rozterek wsp\u00f3\u0142czesnych m\u0119\u017cczyzn<\/a><\/p>\n\n\n\n<p style=\"font-size:15px\">21.03.2023, Radio Plus, Stanis\u0142aw Szlassa i Katarzyna Matusz go\u015b\u0107mi red. Paw\u0142a Krzemi\u0144skiego w audycji \u201eNocne \u015bwiat\u0142a\u201d z ksi\u0105\u017ck\u0105 \u201eM\u0119\u017cczyzna, ale jaki?\u201d.<\/p>\n\n\n\n<p style=\"font-size:15px\">19.03.2023, YT Stanis\u0142aw Szlassa,&nbsp;<a href=\"https:\/\/www.youtube.com\/watch?v=n0bw-2FqVzE\" target=\"_blank\" rel=\"noreferrer noopener\">\u201eM\u0119\u017cczyzna, ale jaki?\u201d, o czym jest ta ksi\u0105\u017cka<\/a><\/p>\n\n\n\n<p style=\"font-size:15px\">18.03.2023, TVP2 Rodzinny Express, recenzja ksi\u0105\u017cki \u201eO niekt\u00f3rych l\u0119kach dzieci i nastolatk\u00f3w\u201d.<\/p>\n\n\n\n<p style=\"font-size:15px\">28.01.2023, Dom Nadziej i Lusace,&nbsp;<a href=\"https:\/\/www.facebook.com\/GrupaCentrumOswajamyLeki\/videos\/901419974322049\" target=\"_blank\" rel=\"noreferrer noopener\">red. Krzysztof&nbsp;B\u0142a\u017cyca o ksi\u0105\u017cce \u201eO niekt\u00f3rych l\u0119kach dzieci i nastolatk\u00f3w\u201d<\/a><\/p>\n\n\n\n<p style=\"font-size:15px\">22.01.2023, Jedynka, w audycji \u201eWa\u017cne sprawy\u201d Katarzyna Matusz rozmawia\u0142a z red. Janem Pniewskim o ksi\u0105\u017cce \u201eO niekt\u00f3rych l\u0119kach os\u00f3b starszych\u201d.<\/p>\n\n\n\n<p style=\"font-size:15px\">21.01.2023, Telewizja Republika,&nbsp;<a href=\"https:\/\/www.youtube.com\/watch?v=MoMBGUYlO4A\" target=\"_blank\" rel=\"noreferrer noopener\">Stanis\u0142aw Szlassa i Katarzyna Matusz o ksi\u0105\u017cce \u201eO niekt\u00f3rych l\u0119kach os\u00f3b starszych\u201d<\/a><\/p>\n\n\n\n<p style=\"font-size:15px\">20.01.2023, Przewodnik Katolicki,&nbsp;<a href=\"https:\/\/www.przewodnik-katolicki.pl\/Archiwum\/2023\/Przewodnik-Katolicki-3-2023\/Temat-numeru\/Dobra-starosc-budujemy-dobrymi-relacjami?\" target=\"_blank\" rel=\"noreferrer noopener\">Stanis\u0142aw Szlassa i Katarzyna Matusz w rozmowie z red. Ann\u0105 Dru\u015b, Dobr\u0105 staro\u015b\u0107 buduje si\u0119 dobrymi relacjami<\/a><\/p>\n\n\n\n<p style=\"font-size:15px\">20.11.2022, Radio Rodzina Diecezji Kaliskiej,&nbsp;<a href=\"https:\/\/www.youtube.com\/watch?v=afJttBUo86s\" target=\"_blank\" rel=\"noreferrer noopener\">Stanis\u0142aw Szlassa i Katarzyna Matusz w rozmowie z red. Karolin\u0105 Gawe\u0142, \u201eO niekt\u00f3rych l\u0119kach w relacjach\u201d<\/a><\/p>\n\n\n\n<p style=\"font-size:15px\">13.11.2022, Radio Rodzina Diecezji Kaliskiej,&nbsp;<a href=\"https:\/\/www.youtube.com\/watch?v=JVbHhHBRarM\" target=\"_blank\" rel=\"noreferrer noopener\">Stanis\u0142aw Szlassa i Katarzyna Matusz w rozmowie z red. Karolin\u0105 Gawe\u0142 o tym, czego boj\u0105 si\u0119 seniorzy<\/a><\/p>\n\n\n\n<p style=\"font-size:15px\">5.11.2022, Radio Eska Rock,&nbsp;<a href=\"https:\/\/www.youtube.com\/watch?v=Oc7vCqnUKk8\" target=\"_blank\" rel=\"noreferrer noopener\">Stanis\u0142aw Szlassa i Katarzyna Matusz byli go\u015b\u0107mi red. Micha\u0142a Pokl\u0119kowskiego w programie \u201eDrogowskazy\u201d<\/a><\/p>\n\n\n\n<p style=\"font-size:15px\">30.10.2022, Radio Rodzina Kalisz,&nbsp;<a href=\"https:\/\/www.youtube.com\/watch?v=JVbHhHBRarM\" target=\"_blank\" rel=\"noreferrer noopener\">go\u015b\u0107mi red. Karoliny Gawe\u0142 byli Stanis\u0142aw Szlassa i Katarzyna Matusz, a tematem rozmowy by\u0142a ksi\u0105\u017cka \u201eO niekt\u00f3rych l\u0119kach os\u00f3b starszych\u201d.&nbsp;<\/a><\/p>\n\n\n\n<p style=\"font-size:15px\">19.10.2022, Poranek&nbsp;Si\u00f3dma 9,&nbsp;<a href=\"https:\/\/www.siodma9.pl\/wiadomosci\/item\/7643-ks-stanislaw-szlassa-i-katarzyna-matusz-ksiazka-o-niektorych-lekach-osob-starszych\" target=\"_blank\" rel=\"noreferrer noopener\">\u201eO niekt\u00f3rych l\u0119kach os\u00f3b starszych\u201d z red. Ann\u0105 Czytowsk\u0105 rozmawiali Stanis\u0142aw Szlassa i Katarzyna Matusz<\/a><\/p>\n\n\n\n<p style=\"font-size:15px\">19.10.2022, Radio Warszawa,&nbsp;<a href=\"https:\/\/m.soundcloud.com\/radio-warszawa\/poranek-915-2022-10-19?in=radio-warszawa\/sets\/poranek-z-radiem-warszawa\" target=\"_blank\" rel=\"noreferrer noopener\">go\u015b\u0107mi red. Ewy Pietrzak i red. Jaros\u0142awa Wydry byli Katarzyna Matusz i Stanis\u0142aw Szlassa, rozmowa dotyczy\u0142a ksi\u0105\u017cki \u201eO niekt\u00f3rych l\u0119kach os\u00f3b starszych\u201d&nbsp;<\/a><\/p>\n\n\n\n<p style=\"font-size:15px\">15.10.2022, Polskie Radio Opole, go\u015b\u0107mi red. Dawida Rajwy byli Stanis\u0142aw Szlassa i Katarzyna Matusz z ksi\u0105\u017ck\u0105 \u201eO niekt\u00f3rych l\u0119kach os\u00f3b starszych\u201d<\/p>\n\n\n\n<p style=\"font-size:15px\">14.10.2022 TVP3,&nbsp;<a href=\"https:\/\/warszawa.tvp.pl\/63921477\/14102022\" target=\"_blank\" rel=\"noreferrer noopener\">w poranku Warszawski Dzie\u0144 go\u015bcili Katarzyna Matusz i Stanis\u0142aw Szlassa z ksi\u0105\u017ck\u0105 \u201eO niekt\u00f3rych l\u0119kach os\u00f3b starszych\u201d,<\/a><\/p>\n\n\n\n<p style=\"font-size:15px\">26.09.2022, Radio PLUS,&nbsp;<a href=\"https:\/\/youtu.be\/9lmg8KWywY0\" target=\"_blank\" rel=\"noreferrer noopener\">go\u015b\u0107mi red. Paw\u0142a Krzemi\u0144skiego w audycji \u201eNocne \u015awiat\u0142a\u201d byli Stanis\u0142aw Szlassa i Katarzyna Matusz, a temat brzmia\u0142: Czego boj\u0105 seniorzy?<\/a><a href=\"https:\/\/youtu.be\/9lmg8KWywY0\">https:\/\/youtu.be\/9lmg8KWywY0<\/a><\/p>\n\n\n\n<p style=\"font-size:15px\">20.09.2022, Rzym \u2013&nbsp;<a href=\"https:\/\/grupacentrum.waw.pl\/rzym-20-wrzesnia-2022-szczesliwa-starosc-kolejnym-etapem-zycia\/\" target=\"_blank\" rel=\"noreferrer noopener\">Szcz\u0119\u015bliwa staro\u015b\u0107 kolejnym etapem \u017cycia \u2013 promocja ksi\u0105\u017cki<\/a><\/p>\n\n\n\n<p style=\"font-size:15px\">27.08.2022,&nbsp;<a href=\"http:\/\/siewca.pl\/\">Siewca.pl<\/a>,&nbsp;<a href=\"https:\/\/siewca.pl\/malzenstwo\/rozmowa-siewcy-nie-uciekajmy-od-trudnych-rozmow-i-emocji-w-malzenstwie\/\" target=\"_blank\" rel=\"noreferrer noopener\">Nie uciekajmy od trudnych rozm\u00f3w i emocji w ma\u0142\u017ce\u0144stwie. Go\u015bciem red. Sylwii Jabs by\u0142a Katarzyna Matusz, a rozmowa dotyczy\u0142a ksi\u0105\u017cki \u201eO niekt\u00f3rych l\u0119kach w relacjach\u201d<\/a><\/p>\n\n\n\n<p style=\"font-size:15px\">29.06.2022, Radio Rodzina Diecezji Kaliskiej,&nbsp;<a href=\"https:\/\/www.radiorodzina.kalisz.pl\/publications\/files\/listen\/9211\/\" target=\"_blank\" rel=\"noreferrer noopener\">\u201eO niekt\u00f3rych l\u0119kach w relacjach. Zanim p\u00f3jdziesz na terapi\u0119\u201d Stanis\u0142aw Szlassa i Katarzyna Matusz go\u015b\u0107mi red. Karoliny Gawe\u0142<\/a><\/p>\n\n\n\n<p style=\"font-size:15px\">28.05.2022, Radio Opole,&nbsp;\u201eO niekt\u00f3rych l\u0119kach w relacjach\u201d z red. Dawidem Rajw\u0105 rozmawiali Katarzyna Matusz i Stanis\u0142aw Szlassa<\/p>\n\n\n\n<p style=\"font-size:15px\">21.05.2022, Radio Eska Rock,&nbsp;<a href=\"https:\/\/www.spreaker.com\/user\/13275755\/o-lekach-wspolczesnych-kobiet\" target=\"_blank\" rel=\"noreferrer noopener\">go\u015b\u0107mi red. Micha\u0142a Pokl\u0119kowskiego w audycji \u201eDrogowskazy\u201d byli Stanis\u0142aw Szlassa i Katarzyna Matusz, a rozmowa dotyczy\u0142a ksi\u0105\u017cki \u201eO niekt\u00f3rych ekach kobiet\u201d&nbsp;<\/a><\/p>\n\n\n\n<p style=\"font-size:15px\">20.05.2022, Radio Warszawa, go\u015b\u0107mi red. Ewy Pietrzak w programie&nbsp;<a href=\"https:\/\/soundcloud.com\/radio-warszawa\/rozm-rw-2022-05-20?in=radio-warszawa\/sets\/rozmowa-radia-warszawa\" target=\"_blank\" rel=\"noreferrer noopener\">\u201eRozmowy Radia Warszawa\u201d byli Stanis\u0142aw Szlassa i Katarzyna Matusz z ksi\u0105\u017ck\u0105 \u201eO niekt\u00f3rych l\u0119kach w relacjach\u201d<\/a><\/p>\n\n\n\n<p style=\"font-size:15px\">18.05.2022,&nbsp;TVP 3 Warszawa,&nbsp;<a href=\"https:\/\/warszawa.tvp.pl\/60239111\/18052022\" target=\"_blank\" rel=\"noreferrer noopener\">Warszawski Dzie\u0144,&nbsp;Stanis\u0142aw Szlassa&nbsp;i Katarzyna Matusz o ksi\u0105\u017cce \u201eO niekt\u00f3rych l\u0119kach w relacjach\u201d&nbsp;<\/a><\/p>\n\n\n\n<p style=\"font-size:15px\">26.04.2022, Radio PLUS, go\u015b\u0107mi red. Paw\u0142a Krzemi\u0144skiego w audycji&nbsp;<a href=\"https:\/\/www.youtube.com\/watch?v=5NyNuIk0NDM\" target=\"_blank\" rel=\"noreferrer noopener\">\u201eNocne \u015awiat\u0142a\u201d byli: Stanis\u0142aw Szlassa i Katarzyna Matusz&nbsp;<\/a><\/p>\n\n\n\n<p style=\"font-size:15px\">26 i 27.02.2022, Radio Opole, go\u015b\u0107mi red. Dawida Rajwy w audycji \u201eMamy weekend\u201d byli ks. Stanis\u0142aw Szlassa i Katarzyna Matusz, a rozmowa dotyczy\u0142a ksi\u0105\u017cki \u201eO niekt\u00f3rych l\u0119kach dzieci i nastolatk\u00f3w\u201d<\/p>\n\n\n\n<p style=\"font-size:15px\">30.01.2022 Radio Rodzina Diecezji Kaliskiej go\u015b\u0107mi red. Karoliny Gawe\u0142 byli Katarzyna Matusz i ks. Stanis\u0142aw Szlassa, a rozmowa dotyczy\u0142a ksi\u0105\u017cki \u201eO niekt\u00f3rych l\u0119kach dzieci i nastolatk\u00f3w\u201d<\/p>\n\n\n\n<p style=\"font-size:15px\">29.01.2022 RDC go\u015b\u0107mi Conrado Moreno&nbsp;<a href=\"https:\/\/www.rdc.pl\/podcast\/przychodnia-lek-u-dzieci-i-nastolatkow\/\">w audycji \u201ePrzychodnia\u201d byli ks. Stanis\u0142aw Szlassa i Katarzyna Matusz z ksi\u0105\u017ck\u0105 \u201eO niekt\u00f3rych l\u0119kach dzieci i nastolatk\u00f3w\u201d&nbsp;<\/a><\/p>\n\n\n\n<p style=\"font-size:15px\">21.01.2022, RDC,&nbsp;<a href=\"https:\/\/www.rdc.pl\/podcast\/zycie-jak-w-madrycie-katarzyna-matusz-i-ks-stanislaw-szlassa\/\">O niekt\u00f3rych l\u0119kach m\u0119\u017cczyzn w RDC, ks. Stanis\u0142aw Szlassa i Katarzyna Matusz go\u015b\u0107mi Conrado Moreno w audycji \u201e\u017bycie jak w Madrycie\u201d<\/a><\/p>\n\n\n\n<p style=\"font-size:15px\">16.01.2022, TVP INFO,&nbsp;<a href=\"https:\/\/vod.tvp.pl\/video\/okiem-wiary,16012022,57645401\">\u201eOkiem Wiary\u201d, Monika Brzuchala, Depresja. ks. Stanis\u0142aw Szlassa i Katarzyna Matusz, \u201eO niekt\u00f3rych l\u0119kach dzieci i nastolatk\u00f3w\u201d<\/a><\/p>\n\n\n\n<p style=\"font-size:15px\">07.01.2021, Radio Jasna G\u00f3ra, O niekt\u00f3rych l\u0119kach dzieci, kobiet, m\u0119\u017cczyzn w audycji \u201eGo\u015bcie z wydawnictwa\u201d opowiedzieli ks. Stanis\u0142aw Szlassa i Katarzyna Matusz<\/p>\n\n\n\n<p style=\"font-size:15px\">14.12.2021, Radio Rodzina,&nbsp;<a href=\"https:\/\/www.radiorodzina.pl\/audycje\/ks-stanislaw-szlassa-i-katarzyna-matusz-o-najnowszej-ksiazce\/\">ks. Stanis\u0142aw Szlassa i Katarzyna Matusz o najnowszej ksi\u0105\u017cce \u201eO niekt\u00f3rych l\u0119kach dzieci i nastolatk\u00f3w\u201d opowiadaj\u0105 red. Darii Detlaf<\/a>&nbsp;<\/p>\n\n\n\n<p style=\"font-size:15px\">12.12.2021, RDC,&nbsp;<a href=\"https:\/\/www.rdc.pl\/podcast\/religie-wokol-ksiazki-o-niektorych-lekach-dzieci-i-nastolatkow-zanim-pojdziesz-na-terapie\/\">Wok\u00f3\u0142 ksi\u0105\u017cki \u201eO niekt\u00f3rych l\u0119kach dzieci i nastolatk\u00f3w\u201d&nbsp;<\/a><\/p>\n\n\n\n<p style=\"font-size:15px\">06.12.2021 Radio Plus,&nbsp;<a href=\"https:\/\/m.youtube.com\/watch?v=HgE39iNx9w0\">ks. Stanis\u0142aw Szlassa i Katarzyna Matusz byli go\u015b\u0107mi red. Paw\u0142a Krzemi\u0144skiego w audycji \u201eNocne \u015awiat\u0142a\u201d z ksi\u0105\u017ck\u0105 \u201eO niekt\u00f3rych l\u0119kach dzieci i nastolatk\u00f3w\u201d&nbsp;<\/a><\/p>\n\n\n\n<p style=\"font-size:15px\">03.12.2021, Radio Warszawa,&nbsp;<a href=\"https:\/\/soundcloud.com\/radio-warszawa\/rozm-rw-2021-12-03\">go\u015b\u0107mi red. Ewy Pietrzak byli ks. Stanis\u0142aw Szlassa i Katarzyna Matusz, a rozmowa dotyczy\u0142a ksi\u0105\u017cki \u201eO niekt\u00f3rych l\u0119kach dzieci i nastolatk\u00f3w\u201d<\/a><\/p>\n\n\n\n<p style=\"font-size:15px\">03.12.2021, TVP3 Warszawa,&nbsp;<a href=\"https:\/\/warszawa.tvp.pl\/57259329\/03122021\">Warszawski Dzie\u0144, \u201eO niekt\u00f3rych l\u0119kach dzieci i nastolatk\u00f3w\u201d m\u00f3wi\u0105 ks. Stanis\u0142aw Szlassa i Katarzyna Matusz<\/a><\/p>\n\n\n\n<p style=\"font-size:15px\">06.11.2021, Radio Eska Rock,&nbsp;<a href=\"https:\/\/www.youtube.com\/watch?v=hSjvr9y-PQE\">go\u015b\u0107mi red. Micha\u0142a Pokl\u0119kowskiego byli ks. Stanis\u0142aw Szlassa i Katarzyna Matusz, rozmowa dotyczy\u0142a wsp\u00f3\u0142czesnych l\u0119k\u00f3w m\u0119\u017cczyzn<\/a><\/p>\n\n\n\n<p style=\"font-size:15px\">21.10.2021, SalveNET,&nbsp;<a href=\"https:\/\/youtu.be\/AutO6YrqOL0\">Czy istnieje przyja\u017a\u0144 mi\u0119dzy ksi\u0119dzem a kobiet\u0105? O niekt\u00f3rych l\u0119kach m\u0119\u017cczyzn #08&nbsp;<\/a><\/p>\n\n\n\n<p style=\"font-size:15px\">21.10.2021, Radio RDN, \u201eBookini \u2013 wiadomo, \u017ce o ksi\u0105\u017ckach\u201d, go\u015b\u0107mi red. Sylwii Iwa\u0144skiej byli Katarzyna Matusz i Ks. Stanis\u0142aw Szlassa, a rozmowa dotyczy\u0142a niekt\u00f3rych l\u0119k\u00f3w m\u0119\u017cczyzn.<\/p>\n\n\n\n<p style=\"font-size:15px\">18.10.2021, SalveNET.pl,&nbsp;<a href=\"https:\/\/salvenet.pl\/instrukcja-dla-kobiet-o-niektorych-lekach-mezczyzn\/\">Instrukcja dla kobiet. O niekt\u00f3rych l\u0119kach m\u0119\u017cczyzn&nbsp;<\/a><\/p>\n\n\n\n<p style=\"font-size:15px\">14.10.2021, SalveNET,&nbsp;<a href=\"https:\/\/m.youtube.com\/watch?v=u945apr-r7M\">Instrukcja dla kobiet. O niekt\u00f3rych l\u0119kach m\u0119\u017cczyzn #07<\/a><\/p>\n\n\n\n<p style=\"font-size:15px\">07.10.2021, SalveNET,&nbsp;<a href=\"https:\/\/youtu.be\/Mmts6qHi5cA\">Co m\u0119\u017cczyznom robi kryzys wieku \u015bredniego? O niekt\u00f3rych l\u0119kach m\u0119\u017cczyzn #06<\/a><\/p>\n\n\n\n<p style=\"font-size:15px\">03.10.2021,&nbsp;<a href=\"https:\/\/salvenet.pl\/dlaczego-seks-jest-taki-wazny-o-niektorych-lekach-mezczyzn\/\">SalveNET, Dlaczego seks jest taki wa\u017cny?<\/a><\/p>\n\n\n\n<p style=\"font-size:15px\">01.10.2021, TVP2,&nbsp;<a href=\"https:\/\/pytanienasniadanie.tvp.pl\/56142800\/czego-mezczyzni-sie-boja-a-kobiety-nie-maja-o-tym-pojecia-czyli-o-lekach-mezczyzn\">Pytanie na \u015bniadanie, \u201eCzego m\u0119\u017cczy\u017ani si\u0119 boj\u0105, a kobiety nie maj\u0105 o tym poj\u0119cia. Czyli, o l\u0119kach m\u0119\u017cczyzn\u201d&nbsp;<\/a><\/p>\n\n\n\n<p style=\"font-size:15px\">30.09.2021,&nbsp;<a href=\"https:\/\/youtu.be\/YxPFQx00GDM\">Premiera w \u201eDzie\u0144 Ch\u0142opaka\u201d&nbsp;<\/a><\/p>\n\n\n\n<p style=\"font-size:15px\">30.09.2021, SalveNET,&nbsp;<a href=\"https:\/\/youtu.be\/TYxDsdLTuRc\">Dlaczego seks jest taki wa\u017cny?&nbsp;<\/a><\/p>\n\n\n\n<p style=\"font-size:15px\">24.09.2021, SalveNET,&nbsp;<a href=\"https:\/\/youtu.be\/cg6gqxtW1PQ\">Spotkanie autorskie na 26.Targach Wydawc\u00f3w Katolickich<\/a><\/p>\n\n\n\n<p style=\"font-size:15px\">23.09.2021, SalveNET,&nbsp;<a href=\"https:\/\/www.youtube.com\/watch?v=6flGhA6UYBQ&amp;t=42s\">Dlaczego m\u0119\u017cczy\u017ani boj\u0105 si\u0119 by\u0107 ojcami? Rozmawiaj\u0105 Katarzyna Matusz i ks. Stanis\u0142aw Szlassa<\/a><\/p>\n\n\n\n<p style=\"font-size:15px\">23.09.2021, wPolsce.pl,&nbsp;<a href=\"https:\/\/www.youtube.com\/watch?v=vyqcpHs_ljc\">CZY M\u0118\u017bCZY\u0179NI TO TCH\u00d3RZE? Go\u015b\u0107mi Doroty \u0141osiewicz byli Katarzyna Matusz i ks. Stanis\u0142aw Szlassa, wsp\u00f3\u0142autorzy ksi\u0105\u017cki \u201eO niekt\u00f3rych l\u0119kach m\u0119\u017cczyzn\u201d<\/a>.<\/p>\n\n\n\n<p style=\"font-size:15px\">22.09.2021, Poranek Si\u00f3dma9,&nbsp;<a href=\"https:\/\/www.youtube.com\/watch?v=IdN9lqZRf98\">Psychologia m\u0119\u017cczyzn, ksi\u0105\u017cka pt. \u201eO niekt\u00f3rych l\u0119kach m\u0119\u017cczyzn\u201d<\/a><\/p>\n\n\n\n<p style=\"font-size:15px\">17.09.2021, TVP3 Warszawa,&nbsp;<a href=\"https:\/\/warszawa.tvp.pl\/55904378\/17092021\">w programie \u201eWarszawski Dzie\u0144\u201d go\u015b\u0107mi red. Natalii Nowak-Podbro\u017cnej i Kuby Marcinowicza byli Katarzyna Matusz i ks. Stanis\u0142aw Szlassa<\/a><\/p>\n\n\n\n<p style=\"font-size:15px\">15.09.2021, Radio Warszawa,&nbsp;<a href=\"https:\/\/soundcloud.com\/radio-warszawa\/wiarygodne-2021-09-15?in=radio-warszawa\/sets\/kosciol-na-fali\">w audycji \u201eSpotkania wiarygodne\u201d red. Katarzyna Supe\u0142-Zaboklickiej byli Katarzyna Matusz i ks. Stanis\u0142aw Szlassa&nbsp;<\/a><\/p>\n\n\n\n<p style=\"font-size:15px\">16.09.2021, SalveNET,&nbsp;<a href=\"https:\/\/m.youtube.com\/watch?v=ZmrBZhbPWgM\">Jakie s\u0105 skutki nieodci\u0119tej p\u0119powiny? O niekt\u00f3rych l\u0119kach m\u0119\u017cczyzn. Zapraszaj\u0105 Katarzyna Matusz i ks. Stanis\u0142aw Szlassa&nbsp;<\/a><\/p>\n\n\n\n<p style=\"font-size:15px\">07.09.2021, Radio PLUS, Czego boj\u0105 si\u0119 m\u0119\u017cczy\u017ani? Go\u015b\u0107mi red. Paw\u0142a Krzemi\u0144skiego w programie \u201eNocne \u015awiat\u0142a\u201d byli Katarzyna Matusz i ks. Stanis\u0142aw Szlassa<\/p>\n\n\n\n<p style=\"font-size:15px\">09.09.2021, SalveNET,&nbsp;<a href=\"https:\/\/youtu.be\/RENtX-sHTms\">Czego m\u0119\u017cczy\u017ani si\u0119 boj\u0105, a kobiety nie maj\u0105 o tym poj\u0119cia? Zapraszaj\u0105 Katarzyna Matusz i Ks. Stanis\u0142aw Szlassa<\/a><\/p>\n\n\n\n<p style=\"font-size:15px\">02.09.2021, SalveNET YT,&nbsp;<a href=\"https:\/\/www.youtube.com\/watch?v=dD9TeU6Iq18\">Ch\u0142opaki nie p\u0142acz\u0105? O niekt\u00f3rych l\u0119kach m\u0119\u017cczyzn #01, wywiad Katarzyny Matusz z ks. Stanis\u0142awem Szlass\u0105<\/a><\/p>\n\n\n\n<p style=\"font-size:15px\">05.2021, Spotify, podcasty,&nbsp;<a href=\"https:\/\/open.spotify.com\/show\/3uqWEr7C2LPWQF1bameQdK\">O niekt\u00f3rych l\u0119kach kobiet. O niekt\u00f3rych l\u0119kach m\u0119\u017cczyzn. O niekt\u00f3rych l\u0119kach dzieci i nastolatk\u00f3w<\/a><\/p>\n\n\n\n<p style=\"font-size:15px\">25.05.2021,&nbsp;<a href=\"https:\/\/www.youtube.com\/watch?v=ekzGm00YzQ0\">LIVE Uwierz, \u017ce jeste\u015b matk\u0105<\/a><\/p>\n\n\n\n<p style=\"font-size:15px\">21.04.2021,&nbsp;<a href=\"https:\/\/www.youtube.com\/watch?v=izKNQVAmM7M\">Studio Cz\u0119stochowa, go\u015b\u0107mi red. Artura Broncela byli Katarzyna Matusz i ks. Stanis\u0142aw Szlassa,&nbsp;<\/a><\/p>\n\n\n\n<p style=\"font-size:15px\">16.04.2021,&nbsp;<a href=\"https:\/\/www.rdc.pl\/podcast\/zycie-jak-w-madrycie-leki-kobiet\/\">RDC, go\u015bciem Conrado Moreno w audycji \u017bycie jak w Madrycie byli ks. Stanis\u0142aw Szlassa i Katarzyna Matusz,&nbsp;<\/a><\/p>\n\n\n\n<p style=\"font-size:15px\">15.04.2021, SalveNET,<a href=\"https:\/\/salvenet.pl\/psycholog-i-psychiatra\/\">&nbsp;Psycholog i psychiatra. O niekt\u00f3rych l\u0119kach kobiet.<\/a><\/p>\n\n\n\n<p style=\"font-size:15px\">15.04.2021, wPolsce.pl,&nbsp;<a href=\"https:\/\/www.youtube.com\/watch?v=yw4RwczJtvU\">Czego boj\u0105 si\u0119 kobiety?<\/a><\/p>\n\n\n\n<p style=\"font-size:15px\">14.04.2021, Radio Fiat,&nbsp;<a href=\"https:\/\/www.youtube.com\/watch?v=ikL--w8azmc\">go\u015bciem red. Aleksandry Mieczy\u0144skiej byli ks. Stnis\u0142aw Szlassa i Katarzyna Matusz<\/a>,<\/p>\n\n\n\n<p style=\"font-size:15px\">10.04.2021, SalveNET,&nbsp;<a href=\"https:\/\/www.youtube.com\/watch?v=lRZkK5OjV-c\">Dzieci. O niekt\u00f3rych l\u0119kach kobiet<\/a><\/p>\n\n\n\n<p style=\"font-size:15px\">27.03.2021&nbsp;<a href=\"https:\/\/vod.tvp.pl\/video\/studio-raban,27032021,52969693\">Studio Raban VOD, Katarzyna Matusz i ks. Stanis\u0142aw Szlassa&nbsp;rozmawiaj\u0105 o panice, randkowaniu, m\u0105drym wchodzeniu w zwi\u0105zki, dzieciach, stracie pracy i pi\u0119knie, kt\u00f3re jest ci\u0105gle do odkrycia.&nbsp;<\/a><\/p>\n\n\n\n<p style=\"font-size:15px\">26.03.2021 SalveNET,&nbsp;<a href=\"https:\/\/www.youtube.com\/watch?v=OSuxuey9-dM\">Kobieco\u015b\u0107. O niekt\u00f3rych l\u0119kach kobiet<\/a><\/p>\n\n\n\n<p style=\"font-size:15px\">24.03.2021, Akademia Kobiety Szcz\u0119\u015bliwej, Katarzyna Matusz \u201eO niekt\u00f3rych l\u0119kach kobiet\u201d<\/p>\n\n\n\n<p style=\"font-size:15px\">24.03.2021 SalveNET,&nbsp;<a href=\"https:\/\/www.youtube.com\/watch?v=roxWsTmRG7E\">Granice. O niekt\u00f3rych l\u0119kach kobiet<\/a><\/p>\n\n\n\n<p style=\"font-size:15px\">22.03.2021&nbsp;<a href=\"https:\/\/www.youtube.com\/watch?v=DLXCbPDXX0Q\">Radio PLUS, program \u201eNocne \u015awiat\u0142a\u201d o g. 23-01.00, go\u015b\u0107mi red. Paw\u0142a Krzemi\u0144skiego byli Katarzyna Matusz i ks. Stanis\u0142aw Szlassa,&nbsp;<\/a><\/p>\n\n\n\n<p style=\"font-size:15px\">22.03.2021 SalveNET,&nbsp;<a href=\"https:\/\/www.youtube.com\/watch?v=lRZkK5OjV-c\">Dzieci. O niekt\u00f3rych l\u0119kach kobiet<\/a><\/p>\n\n\n\n<p style=\"font-size:15px\">19.03.2021, TV Republika,&nbsp;<a href=\"https:\/\/www.youtube.com\/watch?v=Zarh0M7twF4\">Wszystkie jeste\u015bmy wyj\u0105tkowe, Katarzyna Matusz go\u015bciem red. Ilony Januszewskiej<\/a><\/p>\n\n\n\n<p style=\"font-size:15px\">18.03.2021&nbsp;<a href=\"https:\/\/www.facebook.com\/RDKRypin\/videos\/216889466891828\">RDK \u2013 Rypi\u0144ski Dom Kultury, O dbaniu o siebie\u2026<\/a><\/p>\n\n\n\n<p style=\"font-size:15px\">17.03.2021 SalveNET,&nbsp;<a href=\"https:\/\/www.youtube.com\/watch?v=t08DR6kqBi0\">Randkowanie. O niekt\u00f3rych l\u0119kach kobiet<\/a><\/p>\n\n\n\n<p style=\"font-size:15px\">15.03.2021 SalveNET,&nbsp;<a href=\"https:\/\/www.youtube.com\/watch?v=M6mhEqhik1U\">Zwi\u0105zki. O niekt\u00f3rych l\u0119kach kobiet<\/a><\/p>\n\n\n\n<p style=\"font-size:15px\">09.03.2021&nbsp;<a href=\"https:\/\/www.radiorodzina.pl\/audycje\/ksiazka-nie-tylko-dla-kobiet-ks-szlassa-i-katarzyna-matusz-wywiad\/\">Radio Rodzina Wroc\u0142aw, Ksi\u0105\u017cka nie tylko dla kobiet. Ksi\u0105dz Szlassa i Katarzyna Matusz [wywiad]&nbsp;<\/a><\/p>\n\n\n\n<p style=\"font-size:15px\">09.03.2021&nbsp;<a href=\"https:\/\/www.radiorodzina.pl\/2021\/03\/09\/ksiazka-nie-tylko-na-dzien-kobiet\/\">Radio Rodzina Wroc\u0142aw, Ksi\u0105\u017cka nie tylko na dzie\u0144 kobiet<\/a><\/p>\n\n\n\n<p style=\"font-size:15px\">08.03.2021<a href=\"http:\/\/radioniepokalanow.pl\/dobra-ksiazka-o-niektorych-lekach-kobiet\">&nbsp;Radio Niepokalan\u00f3w, Dobra ksi\u0105\u017cka o niekt\u00f3rych l\u0119kach kobiet<\/a><\/p>\n\n\n\n<p style=\"font-size:15px\">08.03.2021 SalveNET,&nbsp;<a href=\"https:\/\/www.youtube.com\/watch?v=roxWsTmRG7E&amp;t=29s\">Granice. O niekt\u00f3rych l\u0119kach kobiet<\/a><\/p>\n\n\n\n<p style=\"font-size:15px\">08.03.2021 SalveNET,&nbsp;<a href=\"https:\/\/salvenet.pl\/strach-lek-i-panika-o-niektorych-lekach-kobiet\/?fbclid=IwAR2KQ9Yl3Ku8rWwLeTruFhB6LnVbZM7Y1mBUXqr2y9MaSaTI5JFCK_EVKgM\">Strach, l\u0119k, panika. O niekt\u00f3rych l\u0119kach kobiet<\/a><\/p>\n\n\n\n<p style=\"font-size:15px\">08.03.2021 LIVE&nbsp;<a href=\"https:\/\/www.youtube.com\/watch?v=_gOroET4YtY&amp;t=1537s\">\u201eO niekt\u00f3rych l\u0119kach kobiet\u201d<\/a><\/p>\n\n\n\n<p style=\"font-size:15px\">07.03.2021 Radio Rodzina Kalisz,&nbsp;<a href=\"http:\/\/www.radiorodzina.kalisz.pl\/publications\/files\/listen\/6925\/\">rozmowa Karoliny Gawe\u0142 z Katarzyn\u0105 Matusz i ks. Stanis\u0142awem Szlassy,<\/a>&nbsp;<a href=\"http:\/\/www.radiorodzina.kalisz.pl\/publications\/files\/listen\/6925\/\">Player \u2013 Radio Rodzina Kalisz<\/a><\/p>\n\n\n\n<p style=\"font-size:15px\">06.03.2021 wRealu24,&nbsp;<a href=\"https:\/\/www.facebook.com\/TelewizjawRealu24\/videos\/2867095403509587\">rozmowa Paw\u0142a Jaworskiego z Katarzyn\u0105 Matusz i ks. Stanis\u0142awem Szlass\u0105<\/a><\/p>\n\n\n\n<p style=\"font-size:15px\">04.03.2021 SalveNET,&nbsp;<a href=\"https:\/\/www.youtube.com\/watch?v=pnEDcuOkvTE\">Strach, l\u0119k i panika&nbsp;<\/a><\/p>\n\n\n\n<p style=\"font-size:15px\">03.03.2021&nbsp;<a href=\"https:\/\/www.siodma9.pl\/wiadomosci\/item\/5306-ks-stanislaw-szlassa-lek-jest-przyjacielem-ktorego-musimy-nauczyc-sie-sluchac?fbclid=IwAR0ZzPYmglOif1trrJggq0iQZbsMOOD1-XVbQu4QAEavSnYtbSiA1Q9kiZ4\">Poranek Si\u00f3dma9, ks. Stanis\u0142aw Szlassa, L\u0119k jest przyjacielem&nbsp;<\/a><\/p>\n\n\n\n<p style=\"font-size:15px\">19.02.2021<a href=\"https:\/\/soundcloud.com\/radio-warszawa\/knf-2021-02-19\">&nbsp;Radio Warszawa, Ko\u015bci\u00f3\u0142 na fali, go\u015b\u0107mi red. Katarzyny Supe\u0142-Zaboklickiej byli Katarzyna Matusz i ks. Stanis\u0142aw Szlassa,<\/a><\/p>\n\n\n\n<p style=\"font-size:15px\"><strong>Publikacje<\/strong><\/p>\n\n\n\n<p style=\"font-size:15px\">29.08.2022, Duszpasterstwo Polak\u00f3w w Rzymie,&nbsp;<a href=\"https:\/\/duszpasterstwopolakowwrzymie.com\/prezentacja-ksiazki-o-niektorych-lekach-osob-starszych-20-09-2022\" target=\"_blank\" rel=\"noreferrer noopener\">Prezentacja ksi\u0105\u017cki \u201eO niekt\u00f3rych l\u0119kach os\u00f3b starszych\u201d&nbsp;<\/a><\/p>\n\n\n\n<p style=\"font-size:15px\">07.02.2022, Kierunek Ma\u0142\u017ce\u0144stwo,&nbsp;<a href=\"https:\/\/kierunekmalzenstwo.pl\/2022\/06\/29\/dobra-ksiazka-na-wakacje\" target=\"_blank\" rel=\"noreferrer noopener\">3 pomys\u0142y na dobr\u0105 ksi\u0105\u017ck\u0119 na wakacje, \u201eO niekt\u00f3rych l\u0119kach kobiet. Zanim p\u00f3jdziesz na terapi\u0119\u201d<\/a><\/p>\n\n\n\n<p style=\"font-size:15px\">27.03.2022, Tygodnik Idziemy, dodatek W\u0142oc\u0142awski, Oswajaj\u0105 l\u0119ki. Z Katarzyn\u0105 Matusz i ks. Stanis\u0142awem Szlass\u0105, autorami serii ksi\u0105\u017cek o l\u0119kach, kt\u00f3rych do\u015bwiadcza ka\u017cdy z nas, cho\u0107 na r\u00f3\u017cne sposoby, rozmawia red. Justyna Zacharek.<\/p>\n\n\n\n<p style=\"font-size:15px\">14.02.2022,&nbsp;<a href=\"http:\/\/podlasie24.pl\/czytelnia\/czytelnia\/o-niektorych-lekach-dzieci-i-nastolatkow.-zanim-pojdziesz-na-terapie-343d1.html\">Radio Podlasie, O niekt\u00f3rych l\u0119kach dzieci i nastolatk\u00f3w<\/a><\/p>\n\n\n\n<p style=\"font-size:15px\">06.02.2022 Tygodnik Niedziela, Szko\u0142a w czasie pandemii, ks. Stanis\u0142aw Szlassa<\/p>\n\n\n\n<p style=\"font-size:15px\">03.01.2022, Oh me!,&nbsp;<a href=\"https:\/\/ohme.pl\/macierzynstwo\/co-rodzice-maja-zrobic-zeby-nie-skrzywdzic-swojego-dziecka\/\">Co rodzicie maj\u0105 zrobi\u0107, \u017ceby nie skrzywdzi\u0107 swojego dziecka?<\/a><\/p>\n\n\n\n<p style=\"font-size:15px\">05.01.2022 Opoka,&nbsp;<a href=\"https:\/\/opoka.org.pl\/News\/Polska\/2022\/co-rodzice-maja-zrobic-zeby-nie-skrzywdzic-swojego-dziecka\">Co rodzice maj\u0105 zrobi\u0107, \u017ceby nie skrzywdzi\u0107 swojego dziecka?&nbsp;<\/a><\/p>\n\n\n\n<p style=\"font-size:15px\">02.01.2022, Przewodnik Katolicki,&nbsp;<a href=\"https:\/\/www.przewodnik-katolicki.pl\/Archiwum\/2022\/Przewodnik-Katolicki-1-2022\/Rodzina\/Jak-pies-przed-sklepem-rzeznika\">O tym, co robi z nami zamykanie si\u0119 na emocje, o l\u0119kach dzieci i nastolatk\u00f3w i o tym, kiedy medytacja pomaga, a kiedy nie. Z Katarzyn\u0105 Matusz i ks. Stanis\u0142awem Szlass\u0105 rozmawia Agnieszka Pioch-S\u0142awomirska&nbsp;<\/a><\/p>\n\n\n\n<p style=\"font-size:15px\">09.12.2021,&nbsp;<a href=\"https:\/\/www.radiorodzina.pl\/2021\/12\/09\/co-zrobic-kiedy-dziecko-traci-wiare\/\">Radio Rodzina Wroc\u0142aw, Co zrobi\u0107, kiedy dziecko traci wiar\u0119?<\/a><\/p>\n\n\n\n<p style=\"font-size:15px\">07.11.2021, Wiara.pl,&nbsp;<a href=\"https:\/\/spotkania.wiara.pl\/doc\/7203179.Kobiety-nie-maja-o-tym-pojecia\">Kobiety nie maj\u0105 o tym poj\u0119cia<\/a><\/p>\n\n\n\n<p style=\"font-size:15px\">25.10.2021, SalveNET.pl,&nbsp;<a href=\"https:\/\/salvenet.pl\/czy-istnieje-przyjazn-miedzy-ksiedzem-a-kobieta-o-niektorych-lekach-mezczyzn\/\">Czy istnieje przyja\u017a\u0144 mi\u0119dzy ksi\u0119dzem a kobiet\u0105<\/a>?&nbsp;<\/p>\n\n\n\n<p style=\"font-size:15px\">12.10.2021, OPOKA,&nbsp;<a href=\"https:\/\/opoka.news\/zycie-maminsynka-jakie-sa-skutki-nieodcietej-pepowiny\">\u017bycie maminsynka. Jakie s\u0105 skutki nieodci\u0119tej p\u0119powiny<\/a>.&nbsp;<\/p>\n\n\n\n<p style=\"font-size:15px\">12.10.2021, Tygodnik Solidarno\u015b\u0107, Nie b\u00f3jmy si\u0119 ba\u0107, z Katarzyn\u0105 Matusz i ks. Stanis\u0142awem Szlass\u0105, autorami ksi\u0105\u017cek \u201eO niekt\u00f3rych l\u0119kach kobiet\u201d i \u201eO niekt\u00f3rych l\u0119kach m\u0119\u017cczyzn\u201d rozmawia red. Agnieszka \u017burek<\/p>\n\n\n\n<p style=\"font-size:15px\">08.10.2021, SalveNET.pl,&nbsp;<a href=\"https:\/\/salvenet.pl\/spotkanie-autorskie-o-niektorych-lekach-mezczyzn\/\">Spotkanie autorskie o niekt\u00f3rych l\u0119kach m\u0119\u017cczyzn&nbsp;<\/a><\/p>\n\n\n\n<p style=\"font-size:15px\">03.10.2021, Go\u015b\u0107 Warszawski,&nbsp;<a href=\"https:\/\/warszawa.gosc.pl\/doc\/7131736.Kobiety-nie-maja-o-tym-pojecia\">\u201eKobiety nie maj\u0105 o tym poj\u0119cia\u201d ks. Stanis\u0142aw Szlassa w rozmowie z red. Agat\u0105 \u015alusarczyk&nbsp;<\/a><\/p>\n\n\n\n<p style=\"font-size:15px\">28.09.2021,&nbsp;<a href=\"http:\/\/www.radiorodzina.kalisz.pl\/premiera-ksiazki-o-niektorych-lekach-mezczyzn-zanim-pojdziesz-na-terapie\/\">Radio Rodzina Kalisz, Premiera ksi\u0105\u017cki&nbsp;&nbsp;<\/a><\/p>\n\n\n\n<p style=\"font-size:15px\">10.2021, Miesi\u0119cznik Moja Rodzina, Ka\u017cdy ma prawo do l\u0119ku. M\u0119\u017cczy\u017ani nie p\u0142acz\u0105? Red. Micha\u0142 Krajski<\/p>\n\n\n\n<p style=\"font-size:15px\">29.09.2021, SalveNET,&nbsp;<a href=\"https:\/\/salvenet.pl\/dlaczego-mezczyzni-boja-sie-byc-ojcami\/\">Dlaczego m\u0119\u017cczy\u017ani boj\u0105 si\u0119 by\u0107 ojcami?&nbsp;<\/a><\/p>\n\n\n\n<p style=\"font-size:15px\">22.09.2021, Tygodnik Niedziela,&nbsp;<a href=\"https:\/\/m.niedziela.pl\/artykul\/155688\/nd\/Rozmowa-to-podstawa\">Rozmowa to podstawa, red. \u0141ukasz Krzysztofka&nbsp;<\/a><\/p>\n\n\n\n<p style=\"font-size:15px\">22.09.2021, Poranek Si\u00f3dma9, ks. Stanis\u0142aw Szlassa:&nbsp;<a href=\"https:\/\/www.siodma9.pl\/wiadomosci\/item\/6156-ks-stanislaw-szlassa-mezczyzni-roznia-sie-od-kobiet-ekspresja-emocjonalna-ale-to-nie-znaczy-ze-sa-mniej-ludzcy\">M\u0119\u017cczy\u017ani r\u00f3\u017cni\u0105 si\u0119 od kobiet ekspresj\u0105 emocjonaln\u0105, ale to nie znaczy, \u017ce s\u0105 mniej ludzcy<\/a><\/p>\n\n\n\n<p style=\"font-size:15px\">20.09.2021, SalveNET,&nbsp;<a href=\"https:\/\/salvenet.pl\/jakie-sa-skutki-nieodcietej-pepowiny\/\">Jakie s\u0105 skutki nieodci\u0119tej p\u0119powiny? O niekt\u00f3rych l\u0119kach m\u0119\u017cczyzn rozmawiaj\u0105 Katarzyna Matusz i ks. Stanis\u0142aw Szlassa&nbsp;<\/a>&nbsp;<\/p>\n\n\n\n<p style=\"font-size:15px\">07.09.2021, SalveNET,&nbsp;<a href=\"https:\/\/salvenet.pl\/chlopaki-nie-placza-o-niektorych-lekach-mezczyzn\/\">Ch\u0142opaki nie p\u0142acz\u0105, zapraszaj\u0105 Katarzyna Matusz i ks. Stanis\u0142aw Szlassa<\/a>&nbsp;<\/p>\n\n\n\n<p style=\"font-size:15px\">4.09.2021, SalveNET,&nbsp;<a href=\"https:\/\/salvenet.pl\/czego-mezczyzni-sie-boja-a-kobiety-nie-maja-o-tym-pojecia\/\">Czego m\u0119\u017cczy\u017ani si\u0119 boj\u0105, a kobiety nie maj\u0105 o tym poj\u0119cia? Zapraszaj\u0105 Katarzyna Matusz i ks. Stanis\u0142aw Szlassa&nbsp;<\/a><\/p>\n\n\n\n<p style=\"font-size:15px\">30.06.2021, Polskie Radio24.pl,&nbsp;<a href=\"https:\/\/www.polskieradio24.pl\/130\/8169\/Artykul\/2765777,Ksiazka-o-lekach-kobiet-Wspolautorka-czesto-obawy-pochodza-z-zewnatrz\">Ksi\u0105\u017cka o l\u0119kach kobiet. Cz\u0119sto objawy pochodz\u0105 z zewn\u0105trz<\/a><\/p>\n\n\n\n<p style=\"font-size:15px\">12.05.2021, Ruch Czystych Serc,&nbsp;<a href=\"https:\/\/rcs.org.pl\/warszawa\/spotkania\/konferencja\/\">Konferencja od l\u0119ku do relacji<\/a><\/p>\n\n\n\n<p style=\"font-size:15px\">20.04.2021, Blog niezawodna nadziej\u0105,&nbsp;<a href=\"https:\/\/niezawodnanadzieja.blog.deon.pl\/2021\/04\/20\/o-niektorych-lekach-kobiet-zanim-pojdziesz-na-terapie\/\">O niekt\u00f3rych l\u0119kach kobiet&nbsp;&nbsp;<\/a><\/p>\n\n\n\n<p style=\"font-size:15px\">21.03.2021&nbsp;<a href=\"https:\/\/warszawa.gosc.pl\/doc\/6773226.Przyjaciel-lek\">Go\u015b\u0107 Niedzielny Warszawski, Przyjaciel l\u0119k<\/a><\/p>\n\n\n\n<p style=\"font-size:15px\">08.03.2021&nbsp;<a href=\"https:\/\/warszawa.gosc.pl\/doc\/6763747.O-niektorych-lekach-kobiet-Ksiazka-na-Dzien-Kobiet\">Go\u015b\u0107 Niedzielny Warszawski, O niekt\u00f3rych l\u0119kach kobiet. Ksi\u0105\u017cka na Dzie\u0144 Kobiet,&nbsp;<\/a><\/p>\n\n\n\n<p style=\"font-size:15px\">08.03.2021 Ksi\u0105\u017ckaNET \u2013&nbsp;<a href=\"https:\/\/ksiazka.net.pl\/wazna-ksiazka-o-niektorych-lekach-kobiet-katarzyna-maturz-ks-stanislaw-szlassa\">Wa\u017cna ksi\u0105\u017cka \u201cO niekt\u00f3rych l\u0119kach kobiet\u201d. Katarzyna Matusz, ks. Stanis\u0142aw Szlassa \u2013 Portal Ksi\u0119garski (ksiazka.net.pl)<\/a><\/p>\n\n\n\n<p style=\"font-size:15px\">08.03.2021&nbsp;<a href=\"https:\/\/www.niedziela.pl\/artykul\/65678\/Ksiazka-nie-tylko-na-Dzien-Kobiet\">Niedziela w Warszawie, Ksi\u0105\u017cka nie tylko na Dzie\u0144 Kobiet&nbsp;<\/a><\/p>\n\n\n\n<p style=\"font-size:15px\">05.03.2021 Prawy.pl,&nbsp;<a href=\"https:\/\/prawy.pl\/113141-ksiazka-nie-tylko-dla-kobiet-nie-boj-sie-bac-czyli-oswoj-swoj-strach\">Ksi\u0105\u017cka nie tylko dla kobiet! Nie b\u00f3j si\u0119 ba\u0107, czyli osw\u00f3j sw\u00f3j strach<\/a><\/p>\n\n\n\n<p style=\"font-size:15px\">20.02.2021&nbsp;<a href=\"https:\/\/deon.pl\/inteligentne-zycie\/ona-i-on\/jak-po-nieudanej-relacji-otworzyc-sie-na-nowa-trzeba-miec-w-sobie-zakonczony-dawny-zwiazek,1148488?fbclid=IwAR2KQ9Yl3Ku8rWwLeTruFhB6LnVbZM7Y1mBUXqr2y9MaSaTI5JFCK_EVKgM\">Deon.pl, Jak po nieudanej relacji otworzy\u0107 si\u0119 na now\u0105?<\/a><\/p>\n\n\n\n<p style=\"font-size:15px\">17.02.2021&nbsp;<a href=\"https:\/\/pl.aleteia.org\/2021\/02\/17\/relacje-kobiet-po-przejsciach-czyli-od-czego-zaczac-wywiad\">Aleteia, Relacje kobiet po przej\u015bciach, czyli od czego zacz\u0105\u0107&nbsp;<\/a><\/p>\n","protected":false},"excerpt":{"rendered":"<p>09.12.2025, Radio Plus, Katarzyna Matusz i Stanis\u0142aw Szlassa byli go\u015b\u0107mi red. Paw\u0142a Krzemi\u0144skiego z ksi\u0105\u017ck\u0105 &#8222;365 my\u015bli, z kt\u00f3rymi nie musisz si\u0119 zgadza\u0107&#8221; 15.02.2025, RDC, Jak chorowa\u0107? Pytania, kt\u00f3rych si\u0119 boimy, Katarzyna Matusz i Stanis\u0142aw Szlassa byli go\u015b\u0107mi red. \u0141ukasza&#8230; <a href=\"https:\/\/katarzynamatusz.pl\/?page_id=49\" class=\"readmore\">Dowiedz si\u0119 wi\u0119cej<span class=\"screen-reader-text\">Wywiady<\/span><span class=\"fa fa-angle-double-right\" aria-hidden=\"true\"><\/span><\/a><\/p>\n","protected":false},"author":1,"featured_media":0,"parent":0,"menu_order":0,"comment_status":"closed","ping_status":"closed","template":"","meta":{"footnotes":""},"class_list":["post-49","page","type-page","status-publish","hentry"],"yoast_head":"<!-- This site is optimized with the Yoast SEO plugin v27.4 - https:\/\/yoast.com\/product\/yoast-seo-wordpress\/ -->\n<title>Wywiady - Katarzyna Matusz<\/title>\n<meta name=\"robots\" content=\"index, follow, max-snippet:-1, max-image-preview:large, max-video-preview:-1\" \/>\n<link rel=\"canonical\" href=\"https:\/\/katarzynamatusz.pl\/?page_id=49\" \/>\n<meta property=\"og:locale\" content=\"pl_PL\" \/>\n<meta property=\"og:type\" content=\"article\" \/>\n<meta property=\"og:title\" content=\"Wywiady - Katarzyna Matusz\" \/>\n<meta property=\"og:description\" content=\"09.12.2025, Radio Plus, Katarzyna Matusz i Stanis\u0142aw Szlassa byli go\u015b\u0107mi red. Paw\u0142a Krzemi\u0144skiego z ksi\u0105\u017ck\u0105 &#8222;365 my\u015bli, z kt\u00f3rymi nie musisz si\u0119 zgadza\u0107&#8221; 15.02.2025, RDC, Jak chorowa\u0107? Pytania, kt\u00f3rych si\u0119 boimy, Katarzyna Matusz i Stanis\u0142aw Szlassa byli go\u015b\u0107mi red. \u0141ukasza... Dowiedz si\u0119 wi\u0119cejWywiady\" \/>\n<meta property=\"og:url\" content=\"https:\/\/katarzynamatusz.pl\/?page_id=49\" \/>\n<meta property=\"og:site_name\" content=\"Katarzyna Matusz\" \/>\n<meta property=\"article:modified_time\" content=\"2026-04-14T19:19:52+00:00\" \/>\n<meta name=\"twitter:card\" content=\"summary_large_image\" \/>\n<meta name=\"twitter:label1\" content=\"Szacowany czas czytania\" \/>\n\t<meta name=\"twitter:data1\" content=\"12 minut\" \/>\n<script type=\"application\/ld+json\" class=\"yoast-schema-graph\">{\"@context\":\"https:\\\/\\\/schema.org\",\"@graph\":[{\"@type\":\"WebPage\",\"@id\":\"https:\\\/\\\/katarzynamatusz.pl\\\/?page_id=49\",\"url\":\"https:\\\/\\\/katarzynamatusz.pl\\\/?page_id=49\",\"name\":\"Wywiady - Katarzyna Matusz\",\"isPartOf\":{\"@id\":\"http:\\\/\\\/katarzynamatusz.pl\\\/#website\"},\"datePublished\":\"2026-04-13T19:02:43+00:00\",\"dateModified\":\"2026-04-14T19:19:52+00:00\",\"breadcrumb\":{\"@id\":\"https:\\\/\\\/katarzynamatusz.pl\\\/?page_id=49#breadcrumb\"},\"inLanguage\":\"pl-PL\",\"potentialAction\":[{\"@type\":\"ReadAction\",\"target\":[\"https:\\\/\\\/katarzynamatusz.pl\\\/?page_id=49\"]}]},{\"@type\":\"BreadcrumbList\",\"@id\":\"https:\\\/\\\/katarzynamatusz.pl\\\/?page_id=49#breadcrumb\",\"itemListElement\":[{\"@type\":\"ListItem\",\"position\":1,\"name\":\"Home\",\"item\":\"http:\\\/\\\/katarzynamatusz.pl\\\/\"},{\"@type\":\"ListItem\",\"position\":2,\"name\":\"Wywiady\"}]},{\"@type\":\"WebSite\",\"@id\":\"http:\\\/\\\/katarzynamatusz.pl\\\/#website\",\"url\":\"http:\\\/\\\/katarzynamatusz.pl\\\/\",\"name\":\"Katarzyna Matusz\",\"description\":\"\",\"publisher\":{\"@id\":\"http:\\\/\\\/katarzynamatusz.pl\\\/#organization\"},\"potentialAction\":[{\"@type\":\"SearchAction\",\"target\":{\"@type\":\"EntryPoint\",\"urlTemplate\":\"http:\\\/\\\/katarzynamatusz.pl\\\/?s={search_term_string}\"},\"query-input\":{\"@type\":\"PropertyValueSpecification\",\"valueRequired\":true,\"valueName\":\"search_term_string\"}}],\"inLanguage\":\"pl-PL\"},{\"@type\":\"Organization\",\"@id\":\"http:\\\/\\\/katarzynamatusz.pl\\\/#organization\",\"name\":\"Katarzyna Matusz\",\"url\":\"http:\\\/\\\/katarzynamatusz.pl\\\/\",\"logo\":{\"@type\":\"ImageObject\",\"inLanguage\":\"pl-PL\",\"@id\":\"http:\\\/\\\/katarzynamatusz.pl\\\/#\\\/schema\\\/logo\\\/image\\\/\",\"url\":\"https:\\\/\\\/katarzynamatusz.pl\\\/wp-content\\\/uploads\\\/2026\\\/04\\\/cropped-cropped-400JpgdpiLogo-1-scaled-1-e1776166101623.jpg\",\"contentUrl\":\"https:\\\/\\\/katarzynamatusz.pl\\\/wp-content\\\/uploads\\\/2026\\\/04\\\/cropped-cropped-400JpgdpiLogo-1-scaled-1-e1776166101623.jpg\",\"width\":112,\"height\":112,\"caption\":\"Katarzyna Matusz\"},\"image\":{\"@id\":\"http:\\\/\\\/katarzynamatusz.pl\\\/#\\\/schema\\\/logo\\\/image\\\/\"}}]}<\/script>\n<!-- \/ Yoast SEO plugin. -->","yoast_head_json":{"title":"Wywiady - Katarzyna Matusz","robots":{"index":"index","follow":"follow","max-snippet":"max-snippet:-1","max-image-preview":"max-image-preview:large","max-video-preview":"max-video-preview:-1"},"canonical":"https:\/\/katarzynamatusz.pl\/?page_id=49","og_locale":"pl_PL","og_type":"article","og_title":"Wywiady - Katarzyna Matusz","og_description":"09.12.2025, Radio Plus, Katarzyna Matusz i Stanis\u0142aw Szlassa byli go\u015b\u0107mi red. Paw\u0142a Krzemi\u0144skiego z ksi\u0105\u017ck\u0105 &#8222;365 my\u015bli, z kt\u00f3rymi nie musisz si\u0119 zgadza\u0107&#8221; 15.02.2025, RDC, Jak chorowa\u0107? Pytania, kt\u00f3rych si\u0119 boimy, Katarzyna Matusz i Stanis\u0142aw Szlassa byli go\u015b\u0107mi red. \u0141ukasza... Dowiedz si\u0119 wi\u0119cejWywiady","og_url":"https:\/\/katarzynamatusz.pl\/?page_id=49","og_site_name":"Katarzyna Matusz","article_modified_time":"2026-04-14T19:19:52+00:00","twitter_card":"summary_large_image","twitter_misc":{"Szacowany czas czytania":"12 minut"},"schema":{"@context":"https:\/\/schema.org","@graph":[{"@type":"WebPage","@id":"https:\/\/katarzynamatusz.pl\/?page_id=49","url":"https:\/\/katarzynamatusz.pl\/?page_id=49","name":"Wywiady - Katarzyna Matusz","isPartOf":{"@id":"http:\/\/katarzynamatusz.pl\/#website"},"datePublished":"2026-04-13T19:02:43+00:00","dateModified":"2026-04-14T19:19:52+00:00","breadcrumb":{"@id":"https:\/\/katarzynamatusz.pl\/?page_id=49#breadcrumb"},"inLanguage":"pl-PL","potentialAction":[{"@type":"ReadAction","target":["https:\/\/katarzynamatusz.pl\/?page_id=49"]}]},{"@type":"BreadcrumbList","@id":"https:\/\/katarzynamatusz.pl\/?page_id=49#breadcrumb","itemListElement":[{"@type":"ListItem","position":1,"name":"Home","item":"http:\/\/katarzynamatusz.pl\/"},{"@type":"ListItem","position":2,"name":"Wywiady"}]},{"@type":"WebSite","@id":"http:\/\/katarzynamatusz.pl\/#website","url":"http:\/\/katarzynamatusz.pl\/","name":"Katarzyna Matusz","description":"","publisher":{"@id":"http:\/\/katarzynamatusz.pl\/#organization"},"potentialAction":[{"@type":"SearchAction","target":{"@type":"EntryPoint","urlTemplate":"http:\/\/katarzynamatusz.pl\/?s={search_term_string}"},"query-input":{"@type":"PropertyValueSpecification","valueRequired":true,"valueName":"search_term_string"}}],"inLanguage":"pl-PL"},{"@type":"Organization","@id":"http:\/\/katarzynamatusz.pl\/#organization","name":"Katarzyna Matusz","url":"http:\/\/katarzynamatusz.pl\/","logo":{"@type":"ImageObject","inLanguage":"pl-PL","@id":"http:\/\/katarzynamatusz.pl\/#\/schema\/logo\/image\/","url":"https:\/\/katarzynamatusz.pl\/wp-content\/uploads\/2026\/04\/cropped-cropped-400JpgdpiLogo-1-scaled-1-e1776166101623.jpg","contentUrl":"https:\/\/katarzynamatusz.pl\/wp-content\/uploads\/2026\/04\/cropped-cropped-400JpgdpiLogo-1-scaled-1-e1776166101623.jpg","width":112,"height":112,"caption":"Katarzyna Matusz"},"image":{"@id":"http:\/\/katarzynamatusz.pl\/#\/schema\/logo\/image\/"}}]}},"_links":{"self":[{"href":"https:\/\/katarzynamatusz.pl\/index.php?rest_route=\/wp\/v2\/pages\/49","targetHints":{"allow":["GET"]}}],"collection":[{"href":"https:\/\/katarzynamatusz.pl\/index.php?rest_route=\/wp\/v2\/pages"}],"about":[{"href":"https:\/\/katarzynamatusz.pl\/index.php?rest_route=\/wp\/v2\/types\/page"}],"author":[{"embeddable":true,"href":"https:\/\/katarzynamatusz.pl\/index.php?rest_route=\/wp\/v2\/users\/1"}],"replies":[{"embeddable":true,"href":"https:\/\/katarzynamatusz.pl\/index.php?rest_route=%2Fwp%2Fv2%2Fcomments&post=49"}],"version-history":[{"count":5,"href":"https:\/\/katarzynamatusz.pl\/index.php?rest_route=\/wp\/v2\/pages\/49\/revisions"}],"predecessor-version":[{"id":156,"href":"https:\/\/katarzynamatusz.pl\/index.php?rest_route=\/wp\/v2\/pages\/49\/revisions\/156"}],"wp:attachment":[{"href":"https:\/\/katarzynamatusz.pl\/index.php?rest_route=%2Fwp%2Fv2%2Fmedia&parent=49"}],"curies":[{"name":"wp","href":"https:\/\/api.w.org\/{rel}","templated":true}]}}