{"id":47,"date":"2026-04-13T21:02:24","date_gmt":"2026-04-13T19:02:24","guid":{"rendered":"https:\/\/katarzynamatusz.pl\/?page_id=47"},"modified":"2026-04-13T23:48:56","modified_gmt":"2026-04-13T21:48:56","slug":"artykuly","status":"publish","type":"page","link":"https:\/\/katarzynamatusz.pl\/?page_id=47","title":{"rendered":"Artyku\u0142y"},"content":{"rendered":"\n<p class=\"has-medium-font-size\"><strong>72 artyku\u0142y motywacyjne i 61 inspiruj\u0105cych historii przygotowanych dla portalu Aleteia<\/strong><\/p>\n\n\n\n<p style=\"font-size:15px\">Jak osi\u0105ga\u0107 zamierzone cele? Poznaj 5 sprawdzonych sposob\u00f3w, kt\u00f3re zaprowadz\u0105 ci\u0119 do wielkiej zmiany,&nbsp;<a href=\"https:\/\/pl.aleteia.org\/2025\/03\/15\/jak-osiagac-zamierzone-cele-poznaj-5-sprawdzonych-sposobow-ktore-zaprowadza-cie-do-wielkiej-zmiany\/\">https:\/\/pl.aleteia.org\/2025\/03\/15\/jak-osiagac-zamierzone-cele-poznaj-5-sprawdzonych-sposobow-ktore-zaprowadza-cie-do-wielkiej-zmiany\/<\/a><\/p>\n\n\n\n<p style=\"font-size:15px\">Chcia\u0142aby\u015b, ale si\u0119 boisz? Trzy rzeczy, kt\u00f3re Ci pomog\u0105,&nbsp;<a href=\"https:\/\/pl.aleteia.org\/2025\/02\/20\/chcialabys-ale-sie-boisz-trzy-rzeczy-ktore-ci-pomoga\/\">https:\/\/pl.aleteia.org\/2025\/02\/20\/chcialabys-ale-sie-boisz-trzy-rzeczy-ktore-ci-pomoga\/<\/a><\/p>\n\n\n\n<p style=\"font-size:15px\">Jak by\u0107 pe\u0142nym nadziei i wierzy\u0107 w swoje mo\u017cliwo\u015bci?&nbsp;<a href=\"https:\/\/pl.aleteia.org\/2023\/12\/07\/jak-byc-pelnym-nadziei-i-wierzyc-w-swoje-mozliwosci\/\">https:\/\/pl.aleteia.org\/2023\/12\/07\/jak-byc-pelnym-nadziei-i-wierzyc-w-swoje-mozliwosci\/<\/a><\/p>\n\n\n\n<p style=\"font-size:15px\">Zmie\u0144 swoje poranne zwyczaje, a zobaczysz, jak zmieni si\u0119 twoje \u017cycie! <a href=\"https:\/\/pl.aleteia.org\/2023\/09\/28\/zmien-swoje-poranne-zwyczaje-a-zobaczysz-jak-zmieni-sie-twoje-zycie\/\">https:\/\/pl.aleteia.org\/2023\/09\/28\/zmien-swoje-poranne-zwyczaje-a-zobaczysz-jak-zmieni-sie-twoje-zycie\/<\/a><\/p>\n\n\n\n<p style=\"font-size:15px\">Zachwyt to tw\u00f3j przepis na sukces!&nbsp;<a href=\"https:\/\/pl.aleteia.org\/2023\/09\/25\/radosc-z-zycia-zachwyt-to-twoj-przepis-na-sukces\/\">https:\/\/pl.aleteia.org\/2023\/09\/25\/radosc-z-zycia-zachwyt-to-twoj-przepis-na-sukces\/<\/a><\/p>\n\n\n\n<p style=\"font-size:15px\">Odkryj swoje talenty i pozw\u00f3l im na siebie pracowa\u0107,&nbsp;<a href=\"https:\/\/pl.aleteia.org\/2023\/09\/18\/odkryj-swoje-talenty-i-pozwol-im-na-siebie-pracowac\/\">https:\/\/pl.aleteia.org\/2023\/09\/18\/odkryj-swoje-talenty-i-pozwol-im-na-siebie-pracowac\/<\/a><\/p>\n\n\n\n<p style=\"font-size:15px\">Dlaczego czasem warto odpu\u015bci\u0107 i nie robi\u0107 czego\u015b za wszelk\u0105 cen\u0119 <a href=\"https:\/\/pl.aleteia.org\/2023\/09\/16\/dlaczego-czasem-warto-odpuscic-i-nie-robic-czegos-za-wszelka-cene\/\">https:\/\/pl.aleteia.org\/2023\/09\/16\/dlaczego-czasem-warto-odpuscic-i-nie-robic-czegos-za-wszelka-cene\/<\/a><\/p>\n\n\n\n<p style=\"font-size:15px\">Odwaga do bycia nielubianym? Dlaczego to wa\u017cne,&nbsp;<a href=\"https:\/\/pl.aleteia.org\/2023\/09\/06\/odwaga-do-bycia-nielubianym-dlaczego-to-wazne\/\">https:\/\/pl.aleteia.org\/2023\/09\/06\/odwaga-do-bycia-nielubianym-dlaczego-to-wazne\/<\/a><\/p>\n\n\n\n<p style=\"font-size:15px\">Chcesz by\u0107 szcz\u0119\u015bliwa? Zr\u00f3b porz\u0105dek w swojej g\u0142owie,&nbsp;<a href=\"https:\/\/pl.aleteia.org\/2023\/08\/28\/chcesz-byc-szczesliwa-zrob-porzadek-w-swojej-glowie\/\">https:\/\/pl.aleteia.org\/2023\/08\/28\/chcesz-byc-szczesliwa-zrob-porzadek-w-swojej-glowie\/<\/a><\/p>\n\n\n\n<p style=\"font-size:15px\">B\u00f3j si\u0119 i dzia\u0142aj, by mie\u0107 \u017cycie, jakiego pragniesz!&nbsp;<a href=\"https:\/\/pl.aleteia.org\/2023\/02\/08\/boj-sie-i-dzialaj-by-miec-zycie-jakiego-pragniesz\/\">https:\/\/pl.aleteia.org\/2023\/02\/08\/boj-sie-i-dzialaj-by-miec-zycie-jakiego-pragniesz\/<\/a><\/p>\n\n\n\n<p style=\"font-size:15px\">Jak ko\u0144czy\u0107 to, co zacz\u0105\u0142e\u015b?&nbsp;<a href=\"https:\/\/pl.aleteia.org\/2023\/01\/22\/jak-konczyc-to-co-zaczales\/\">https:\/\/pl.aleteia.org\/2023\/01\/22\/jak-konczyc-to-co-zaczales\/<\/a><\/p>\n\n\n\n<p style=\"font-size:15px\">Mniej znaczy lepiej? Dla kogo?&nbsp;<a href=\"https:\/\/pl.aleteia.org\/2022\/04\/11\/mniej-znaczy-lepiej-dla-kogo\/\">https:\/\/pl.aleteia.org\/2022\/04\/11\/mniej-znaczy-lepiej-dla-kogo\/<\/a><\/p>\n\n\n\n<p style=\"font-size:15px\">Do mam w domu: Twoja praca nie jest mniej wa\u017cna!&nbsp;<a href=\"https:\/\/pl.aleteia.org\/2022\/04\/01\/do-mam-w-domu-twoja-praca-nie-jest-mniej-wazna\/\">https:\/\/pl.aleteia.org\/2022\/04\/01\/do-mam-w-domu-twoja-praca-nie-jest-mniej-wazna\/<\/a><\/p>\n\n\n\n<p style=\"font-size:15px\">Jak roz\u015bwietla\u0107 \u017cyciow\u0105 ciemno\u015b\u0107?&nbsp;<a href=\"https:\/\/pl.aleteia.org\/2022\/03\/07\/jak-rozswietlac-zyciowa-ciemnosc\/\">https:\/\/pl.aleteia.org\/2022\/03\/07\/jak-rozswietlac-zyciowa-ciemnosc\/<\/a><\/p>\n\n\n\n<p style=\"font-size:15px\">Dlaczego chcesz mie\u0107 m\u0119\u017ca?&nbsp;<a href=\"https:\/\/pl.aleteia.org\/2021\/10\/28\/dlaczego-chcesz-miec-meza\/\">https:\/\/pl.aleteia.org\/2021\/10\/28\/dlaczego-chcesz-miec-meza\/<\/a><\/p>\n\n\n\n<p style=\"font-size:15px\">Improwizuj i r\u00f3b to, co ci\u0119 przera\u017ca. Serio?!&nbsp;<a href=\"https:\/\/pl.aleteia.org\/2021\/08\/28\/improwizuj-i-rob-to-co-cie-przeraza-serio\/\">https:\/\/pl.aleteia.org\/2021\/08\/28\/improwizuj-i-rob-to-co-cie-przeraza-serio\/<\/a><\/p>\n\n\n\n<p style=\"font-size:15px\">Nie odk\u0142adaj odpoczynku do emerytury, bo\u2026 mo\u017cesz jej nie doczeka\u0107 <a href=\"https:\/\/pl.aleteia.org\/2021\/08\/23\/nie-odkladaj-odpoczynku-do-emerytury-bo-mozesz-jej-nie-doczekac\/\">https:\/\/pl.aleteia.org\/2021\/08\/23\/nie-odkladaj-odpoczynku-do-emerytury-bo-mozesz-jej-nie-doczekac\/<\/a><\/p>\n\n\n\n<p style=\"font-size:15px\">\u017byj na miar\u0119 swojego potencja\u0142u, czyli o cechach rdzennych,&nbsp;<a href=\"https:\/\/pl.aleteia.org\/2021\/08\/19\/zyj-na-miare-swojego-potencjalu-czyli-o-cechach-rdzennych\/\">https:\/\/pl.aleteia.org\/2021\/08\/19\/zyj-na-miare-swojego-potencjalu-czyli-o-cechach-rdzennych\/<\/a><\/p>\n\n\n\n<p style=\"font-size:15px\">Zwolnij, gotuj zdrowo i powierz si\u0119 Bogu. 7 kluczy do lepszego \u017cycia <a href=\"https:\/\/pl.aleteia.org\/2021\/08\/16\/zwolnij-gotuj-zdrowo-i-powierz-sie-bogu-7-kluczy-do-lepszego-zycia\/\">https:\/\/pl.aleteia.org\/2021\/08\/16\/zwolnij-gotuj-zdrowo-i-powierz-sie-bogu-7-kluczy-do-lepszego-zycia\/<\/a><\/p>\n\n\n\n<p style=\"font-size:15px\">Mam du\u017cy baga\u017c do\u015bwiadcze\u0144, ale mog\u0119 by\u0107 szcz\u0119\u015bliwa. O \u017cyciu z sensem <a href=\"https:\/\/pl.aleteia.org\/2021\/08\/02\/mam-duzy-bagaz-doswiadczen-ale-moge-byc-szczesliwa-o-zyciu-z-sensem\/\">https:\/\/pl.aleteia.org\/2021\/08\/02\/mam-duzy-bagaz-doswiadczen-ale-moge-byc-szczesliwa-o-zyciu-z-sensem\/<\/a><\/p>\n\n\n\n<p style=\"font-size:15px\">B\u0105d\u017a z siebie dumna i ciesz si\u0119 sob\u0105! Ale jak to zrobi\u0107?&nbsp;<a href=\"https:\/\/pl.aleteia.org\/2020\/10\/19\/badz-z-siebie-dumna-i-ciesz-sie-soba-ale-jak-to-zrobic\/\">https:\/\/pl.aleteia.org\/2020\/10\/19\/badz-z-siebie-dumna-i-ciesz-sie-soba-ale-jak-to-zrobic\/<\/a><\/p>\n\n\n\n<p style=\"font-size:15px\">Tych kilka rad pomo\u017ce twojej relacji,&nbsp;<a href=\"https:\/\/pl.aleteia.org\/2020\/10\/09\/tych-kilka-rad-pomoze-twojej-relacji\/\">https:\/\/pl.aleteia.org\/2020\/10\/09\/tych-kilka-rad-pomoze-twojej-relacji\/<\/a><\/p>\n\n\n\n<p style=\"font-size:15px\">Co czwarty z nas cierpi psychicznie. Jak pom\u00f3c sobie i bliskim?&nbsp;<a href=\"https:\/\/pl.aleteia.org\/2020\/09\/30\/co-czwarty-z-nas-cierpi-psychicznie-jak-pomoc-sobie-i-bliskim\/\">https:\/\/pl.aleteia.org\/2020\/09\/30\/co-czwarty-z-nas-cierpi-psychicznie-jak-pomoc-sobie-i-bliskim\/<\/a><\/p>\n\n\n\n<p style=\"font-size:15px\">W jaki spos\u00f3b pokonuje si\u0119 strach? Robi\u0105c rzeczy, kt\u00f3rych si\u0119 boisz,&nbsp;<a href=\"https:\/\/pl.aleteia.org\/2020\/09\/23\/w-jaki-sposob-pokonuje-sie-strach-robiac-rzeczy-ktorych-sie-boisz\/\">https:\/\/pl.aleteia.org\/2020\/09\/23\/w-jaki-sposob-pokonuje-sie-strach-robiac-rzeczy-ktorych-sie-boisz\/<\/a><\/p>\n\n\n\n<p style=\"font-size:15px\">Co robi\u0107, by kocha\u0107 lepiej?&nbsp;<a href=\"https:\/\/pl.aleteia.org\/2020\/02\/19\/co-robic-by-kochac-lepiej\/\">https:\/\/pl.aleteia.org\/2020\/02\/19\/co-robic-by-kochac-lepiej\/<\/a><\/p>\n\n\n\n<p style=\"font-size:15px\">Czy modlitwa mo\u017ce pom\u00f3c w budowaniu szcz\u0119\u015bliwego i trwa\u0142ego ma\u0142\u017ce\u0144stwa?<a href=\"https:\/\/pl.aleteia.org\/2020\/02\/16\/czy-modlitwa-moze-pomoc-w-budowaniu-szczesliwego-i-trwalego-malzenstwa\/\">https:\/\/pl.aleteia.org\/2020\/02\/16\/czy-modlitwa-moze-pomoc-w-budowaniu-szczesliwego-i-trwalego-malzenstwa\/<\/a><\/p>\n\n\n\n<p style=\"font-size:15px\">Przy\u0142apane na niedoskona\u0142o\u015bci. Co si\u0119 stanie, gdy przestaniesz udawa\u0107?<a href=\"https:\/\/pl.aleteia.org\/2020\/02\/05\/przylapane-na-niedoskonalosci-co-sie-stanie-gdy-przestaniesz-udawac\/\">https:\/\/pl.aleteia.org\/2020\/02\/05\/przylapane-na-niedoskonalosci-co-sie-stanie-gdy-przestaniesz-udawac\/<\/a><\/p>\n\n\n\n<p style=\"font-size:15px\">Jak porzuci\u0107 dotychczasowe przyzwyczajenia i zacz\u0105\u0107 \u017cy\u0107 pe\u0142ni\u0105 \u017cycia <a href=\"https:\/\/pl.aleteia.org\/2020\/02\/01\/jak-porzucic-dotychczasowe-przyzwyczajenia-i-zaczac-zyc-pelnia-zycia\/\">https:\/\/pl.aleteia.org\/2020\/02\/01\/jak-porzucic-dotychczasowe-przyzwyczajenia-i-zaczac-zyc-pelnia-zycia\/<\/a><\/p>\n\n\n\n<p style=\"font-size:15px\">Emocje za bardzo. Kiedy czujesz wi\u0119cej, ni\u017c chcesz,&nbsp;<a href=\"https:\/\/pl.aleteia.org\/2020\/01\/25\/emocje-za-bardzo-kiedy-czujesz-wiecej-niz-chcesz\/\">https:\/\/pl.aleteia.org\/2020\/01\/25\/emocje-za-bardzo-kiedy-czujesz-wiecej-niz-chcesz\/<\/a><\/p>\n\n\n\n<p style=\"font-size:15px\">Wsp\u00f3\u0142uzale\u017cnienie. Jak rozpocz\u0105\u0107 drog\u0119 ku uzdrowieniu <a href=\"https:\/\/pl.aleteia.org\/2020\/01\/15\/wspoluzaleznienie-jak-rozpoczac-droge-ku-uzdrowieniu\/\">https:\/\/pl.aleteia.org\/2020\/01\/15\/wspoluzaleznienie-jak-rozpoczac-droge-ku-uzdrowieniu\/<\/a><\/p>\n\n\n\n<p style=\"font-size:15px\">Dawaj, ale te\u017c naucz si\u0119 bra\u0107. Kluczem do sukcesu jest szczodro\u015b\u0107 <a href=\"https:\/\/pl.aleteia.org\/2020\/01\/10\/dawaj-ale-tez-naucz-sie-brac-kluczem-do-sukcesu-jest-szczodrosc\/\">https:\/\/pl.aleteia.org\/2020\/01\/10\/dawaj-ale-tez-naucz-sie-brac-kluczem-do-sukcesu-jest-szczodrosc\/<\/a><\/p>\n\n\n\n<p style=\"font-size:15px\">Nie marnuj serca na strach i spe\u0142nij cho\u0107 jedno swoje marzenie!&nbsp;<a href=\"https:\/\/pl.aleteia.org\/2020\/01\/03\/nie-marnuj-serca-na-strach-i-spelnij-choc-jedno-swoje-marzenie\/\">https:\/\/pl.aleteia.org\/2020\/01\/03\/nie-marnuj-serca-na-strach-i-spelnij-choc-jedno-swoje-marzenie\/<\/a><\/p>\n\n\n\n<p style=\"font-size:15px\">Kto z nas mo\u017ce powiedzie\u0107, \u017ce zawsze chcia\u0142 dobra?&nbsp;<a href=\"https:\/\/pl.aleteia.org\/2019\/12\/23\/ks-piotr-pawlukiewicz-kto-z-nas-moze-powiedziec-ze-zawsze-chcial-dobra\/\">https:\/\/pl.aleteia.org\/2019\/12\/23\/ks-piotr-pawlukiewicz-kto-z-nas-moze-powiedziec-ze-zawsze-chcial-dobra\/<\/a><\/p>\n\n\n\n<p style=\"font-size:15px\">Odrzucona, niechciana. Jak \u017cy\u0107 z takim do\u015bwiadczeniem?&nbsp;<a href=\"https:\/\/pl.aleteia.org\/2019\/12\/11\/odrzucona-niechciana-jak-zyc-z-takim-doswiadczeniem\/\">https:\/\/pl.aleteia.org\/2019\/12\/11\/odrzucona-niechciana-jak-zyc-z-takim-doswiadczeniem\/<\/a><\/p>\n\n\n\n<p style=\"font-size:15px\">Czego trzeba do\u015bwiadczy\u0107, aby budowa\u0107 zdrowe zwi\u0105zki?&nbsp;<a href=\"https:\/\/pl.aleteia.org\/2019\/12\/03\/czego-trzeba-doswiadczyc-aby-budowac-zdrowe-zwiazki\/\">https:\/\/pl.aleteia.org\/2019\/12\/03\/czego-trzeba-doswiadczyc-aby-budowac-zdrowe-zwiazki\/<\/a><\/p>\n\n\n\n<p style=\"font-size:15px\">Mi\u0142o\u015b\u0107 w chorobie. Chcia\u0142am, by ON pom\u00f3g\u0142 nam \u017cy\u0107 pi\u0119knie i odwa\u017cnie <a href=\"https:\/\/pl.aleteia.org\/2019\/11\/25\/milosc-w-chorobie-chcialam-by-on-pomogl-nam-zyc-pieknie-i-odwaznie\/\">https:\/\/pl.aleteia.org\/2019\/11\/25\/milosc-w-chorobie-chcialam-by-on-pomogl-nam-zyc-pieknie-i-odwaznie\/<\/a><\/p>\n\n\n\n<p style=\"font-size:15px\">Sfrustrowana relacj\u0105 z Piotrusiem Panem?&nbsp;<a href=\"https:\/\/pl.aleteia.org\/2019\/11\/21\/sfrustrowana-relacja-z-piotrusiem-panem\/\">https:\/\/pl.aleteia.org\/2019\/11\/21\/sfrustrowana-relacja-z-piotrusiem-panem\/<\/a><\/p>\n\n\n\n<p style=\"font-size:15px\">Tajemnicze ma\u0142\u017ce\u0144skie pude\u0142ko. Znacie je?&nbsp;<a href=\"https:\/\/pl.aleteia.org\/2019\/11\/17\/tajemnicze-malzenskie-pudelko-znacie-je\/\">https:\/\/pl.aleteia.org\/2019\/11\/17\/tajemnicze-malzenskie-pudelko-znacie-je\/<\/a><\/p>\n\n\n\n<p style=\"font-size:15px\">Kobieta po przej\u015bciach: moje \u017cycie jest darem,&nbsp;<a href=\"https:\/\/pl.aleteia.org\/2019\/11\/14\/kobieta-po-przejsciach-moje-zycie-jest-darem\/\">https:\/\/pl.aleteia.org\/2019\/11\/14\/kobieta-po-przejsciach-moje-zycie-jest-darem\/<\/a><\/p>\n\n\n\n<p style=\"font-size:15px\">Wiesz, \u017ce jeste\u015b boska? Ja tego do\u015bwiadczy\u0142am w najtrudniejszym momencie <a href=\"https:\/\/pl.aleteia.org\/2019\/09\/06\/wiesz-ze-jestes-boska-ja-tego-doswiadczylam-w-najtrudniejszym-momencie\/\">https:\/\/pl.aleteia.org\/2019\/09\/06\/wiesz-ze-jestes-boska-ja-tego-doswiadczylam-w-najtrudniejszym-momencie\/<\/a><\/p>\n\n\n\n<p style=\"font-size:15px\">Bezpieczni i niebezpieczni ludzie. Jak ich odr\u00f3\u017cni\u0107?&nbsp;<a href=\"https:\/\/pl.aleteia.org\/2019\/08\/26\/bezpieczni-i-niebezpieczni-ludzie-jak-ich-odroznic\/\">https:\/\/pl.aleteia.org\/2019\/08\/26\/bezpieczni-i-niebezpieczni-ludzie-jak-ich-odroznic\/<\/a><\/p>\n\n\n\n<p style=\"font-size:15px\">Co robi\u0107, gdy stracisz prac\u0119? Gar\u015b\u0107 praktycznych porad,&nbsp;<a href=\"https:\/\/pl.aleteia.org\/2019\/07\/26\/co-robic-gdy-stracisz-prace-garsc-praktycznych-porad\/\">https:\/\/pl.aleteia.org\/2019\/07\/26\/co-robic-gdy-stracisz-prace-garsc-praktycznych-porad\/<\/a><\/p>\n\n\n\n<p style=\"font-size:15px\">To jest tw\u00f3j dzie\u0144, zr\u00f3b z niego dobry u\u017cytek,&nbsp;<a href=\"https:\/\/pl.aleteia.org\/2019\/07\/11\/to-jest-twoj-dzien-zrob-z-niego-dobry-uzytek\/\">https:\/\/pl.aleteia.org\/2019\/07\/11\/to-jest-twoj-dzien-zrob-z-niego-dobry-uzytek\/<\/a><\/p>\n\n\n\n<p style=\"font-size:15px\">Kobieta silna psychicznie. Jak si\u0119 tak\u0105 sta\u0107?&nbsp;<a href=\"https:\/\/pl.aleteia.org\/2019\/07\/08\/kobieta-silna-psychicznie-jak-sie-taka-stac\/\">https:\/\/pl.aleteia.org\/2019\/07\/08\/kobieta-silna-psychicznie-jak-sie-taka-stac\/<\/a><\/p>\n\n\n\n<p style=\"font-size:15px\">Dlaczego tak cz\u0119sto czytamy horoskopy i chodzimy do wr\u00f3\u017cki <a href=\"https:\/\/pl.aleteia.org\/2019\/05\/09\/dlaczego-tak-czesto-czytamy-horoskopy-i-chodzimy-do-wrozki\/\">https:\/\/pl.aleteia.org\/2019\/05\/09\/dlaczego-tak-czesto-czytamy-horoskopy-i-chodzimy-do-wrozki\/<\/a><\/p>\n\n\n\n<p style=\"font-size:15px\">\u201eJa jestem kobieta pracuj\u0105ca, \u017cadnej pracy si\u0119 nie boj\u0119\u201d. Irena Kwiatkowska na Dzie\u0144 Kobiet <a href=\"https:\/\/pl.aleteia.org\/2019\/03\/08\/ja-jestem-kobieta-pracujaca-zadnej-pracy-sie-nie-boje-irena-kwiatkowska-na-dzien-kobiet\/\">https:\/\/pl.aleteia.org\/2019\/03\/08\/ja-jestem-kobieta-pracujaca-zadnej-pracy-sie-nie-boje-irena-kwiatkowska-na-dzien-kobiet\/<\/a><\/p>\n\n\n\n<p style=\"font-size:15px\">Przepis na szcz\u0119\u015bliwe \u017cycie wed\u0142ug ks. Grzywocza,&nbsp;<a href=\"https:\/\/pl.aleteia.org\/2019\/01\/01\/przepis-na-szczesliwe-zycie-wedlug-ks-grzywocza\/\">https:\/\/pl.aleteia.org\/2019\/01\/01\/przepis-na-szczesliwe-zycie-wedlug-ks-grzywocza\/<\/a><\/p>\n\n\n\n<p style=\"font-size:15px\">Nie pozw\u00f3l, by media zniszczy\u0142y wi\u0119zi w Twojej rodzinie,&nbsp;<a href=\"https:\/\/pl.aleteia.org\/2018\/04\/04\/nie-pozwol-by-media-zniszczyly-wiezi-w-twojej-rodzinie\/\">https:\/\/pl.aleteia.org\/2018\/04\/04\/nie-pozwol-by-media-zniszczyly-wiezi-w-twojej-rodzinie\/<\/a><\/p>\n\n\n\n<p style=\"font-size:15px\">Czy seks powinien by\u0107 priorytetem w ma\u0142\u017ce\u0144stwie?&nbsp;<a href=\"https:\/\/pl.aleteia.org\/2017\/12\/31\/czy-seks-powinien-byc-priorytetem-w-malzenstwie\/\">https:\/\/pl.aleteia.org\/2017\/12\/31\/czy-seks-powinien-byc-priorytetem-w-malzenstwie\/<\/a><\/p>\n\n\n\n<p style=\"font-size:15px\">Gryzie Ci\u0119 jaki\u015b problem? Zobacz, jak sobie z nim poradzi\u0107,&nbsp;<a href=\"https:\/\/pl.aleteia.org\/2017\/11\/19\/gryzie-cie-jakis-problem-zobacz-jak-sobie-z-nim-poradzic\/\">https:\/\/pl.aleteia.org\/2017\/11\/19\/gryzie-cie-jakis-problem-zobacz-jak-sobie-z-nim-poradzic\/<\/a><\/p>\n\n\n\n<p style=\"font-size:15px\">Jak sta\u0107 si\u0119 kandydatk\u0105 na dobr\u0105 \u017con\u0119?&nbsp;<a href=\"https:\/\/pl.aleteia.org\/2017\/11\/12\/jak-stac-sie-kandydatka-na-dobra-zone\/\">https:\/\/pl.aleteia.org\/2017\/11\/12\/jak-stac-sie-kandydatka-na-dobra-zone\/<\/a><\/p>\n\n\n\n<p style=\"font-size:15px\">Jak wspiera\u0107 w\u0142asnego m\u0119\u017ca?&nbsp;<a href=\"https:\/\/pl.aleteia.org\/2017\/10\/21\/jak-wspierac-wlasnego-meza\/\">https:\/\/pl.aleteia.org\/2017\/10\/21\/jak-wspierac-wlasnego-meza\/<\/a><\/p>\n\n\n\n<p style=\"font-size:15px\">Skup si\u0119 na tym, co istotne i dzia\u0142aj,&nbsp;<a href=\"https:\/\/pl.aleteia.org\/2017\/10\/14\/skup-sie-na-tym-co-istotne-i-dzialaj\/\">https:\/\/pl.aleteia.org\/2017\/10\/14\/skup-sie-na-tym-co-istotne-i-dzialaj\/<\/a><\/p>\n\n\n\n<p style=\"font-size:15px\">5 niezawodnych sposob\u00f3w na zrujnowanie \u017cycia,&nbsp;<a href=\"https:\/\/pl.aleteia.org\/2017\/10\/01\/5-niezawodnych-sposobow-na-zrujnowanie-zycia\/\">https:\/\/pl.aleteia.org\/2017\/10\/01\/5-niezawodnych-sposobow-na-zrujnowanie-zycia\/<\/a><\/p>\n\n\n\n<p style=\"font-size:15px\">Jak mog\u0119 przesta\u0107 \u017cy\u0107 w biegu i cieszy\u0107 si\u0119 tym, co mam,&nbsp;<a href=\"https:\/\/pl.aleteia.org\/2017\/09\/17\/jak-moge-przestac-zyc-w-biegu-i-cieszyc-sie-tym-co-mam\/\">https:\/\/pl.aleteia.org\/2017\/09\/17\/jak-moge-przestac-zyc-w-biegu-i-cieszyc-sie-tym-co-mam\/<\/a><\/p>\n\n\n\n<p style=\"font-size:15px\">Slow Life made in Krak\u00f3w,&nbsp;<a href=\"https:\/\/pl.aleteia.org\/2017\/09\/10\/slow-life-made-in-krakow\/\">https:\/\/pl.aleteia.org\/2017\/09\/10\/slow-life-made-in-krakow\/<\/a><\/p>\n\n\n\n<p style=\"font-size:15px\">Nick Vujicic: Nie musisz by\u0107 idea\u0142em, \u017ceby znale\u017a\u0107 mi\u0142o\u015b\u0107,&nbsp;<a href=\"https:\/\/pl.aleteia.org\/2017\/09\/05\/nie-trzeba-byc-idealem-zeby-znalezc-milosc\/\">https:\/\/pl.aleteia.org\/2017\/09\/05\/nie-trzeba-byc-idealem-zeby-znalezc-milosc\/<\/a><\/p>\n\n\n\n<p style=\"font-size:15px\">Czego m\u0119\u017cczy\u017ani szukaj\u0105 w kobietach? Odpowied\u017a mnie zaskoczy\u0142a\u2026<a href=\"https:\/\/pl.aleteia.org\/2017\/09\/01\/czego-mezczyzni-szukaja-w-kobietach-ksiazka-ktora-mnie-zaskoczyla\/\">https:\/\/pl.aleteia.org\/2017\/09\/01\/czego-mezczyzni-szukaja-w-kobietach-ksiazka-ktora-mnie-zaskoczyla\/<\/a><\/p>\n\n\n\n<p style=\"font-size:15px\">Ksi\u0105\u017c\u0119 w stawie pe\u0142nym ropuch\u00f3w? Mo\u017cna go tam znale\u017a\u0107,&nbsp;<a href=\"https:\/\/pl.aleteia.org\/2017\/08\/27\/ksiaze-w-stawie-pelnym-ropuchow-mozna-go-tam-znalezc\/\">https:\/\/pl.aleteia.org\/2017\/08\/27\/ksiaze-w-stawie-pelnym-ropuchow-mozna-go-tam-znalezc\/<\/a><\/p>\n\n\n\n<p style=\"font-size:15px\">Seks \u2013 najbardziej fascynuj\u0105ce do\u015bwiadczenie mi\u0119dzy m\u0119\u017cczyzn\u0105 a kobiet\u0105 <a href=\"https:\/\/pl.aleteia.org\/2017\/08\/20\/seks-najbardziej-fascynujace-doswiadczenie-miedzy-mezczyzna-a-kobieta\/\">https:\/\/pl.aleteia.org\/2017\/08\/20\/seks-najbardziej-fascynujace-doswiadczenie-miedzy-mezczyzna-a-kobieta\/<\/a><\/p>\n\n\n\n<p style=\"font-size:15px\">Pozw\u00f3l sobie na marzenia,&nbsp;<a href=\"https:\/\/pl.aleteia.org\/2017\/08\/15\/pozwol-sobie-na-marzenia\/\">https:\/\/pl.aleteia.org\/2017\/08\/15\/pozwol-sobie-na-marzenia\/<\/a><\/p>\n\n\n\n<p style=\"font-size:15px\">Jak randkowa\u0107, \u017ceby nie przekracza\u0107 granic? Nie tylko tych fizycznych\u2026<a href=\"https:\/\/pl.aleteia.org\/2017\/08\/04\/jak-randkowac-zeby-nie-przekraczac-granic-nie-tylko-tych-fizycznych\/\">https:\/\/pl.aleteia.org\/2017\/08\/04\/jak-randkowac-zeby-nie-przekraczac-granic-nie-tylko-tych-fizycznych\/<\/a><\/p>\n\n\n\n<p style=\"font-size:15px\">Savoir vivre, czyli sztuka dobrego \u017cycia,&nbsp;<a href=\"https:\/\/pl.aleteia.org\/2017\/07\/31\/savoir-vivre-czyli-sztuka-dobrego-zycia\/\">https:\/\/pl.aleteia.org\/2017\/07\/31\/savoir-vivre-czyli-sztuka-dobrego-zycia\/<\/a><\/p>\n\n\n\n<p style=\"font-size:15px\">Jak wychowa\u0107 dziecko, kt\u00f3re sobie poradzi?&nbsp;<a href=\"https:\/\/pl.aleteia.org\/2017\/07\/23\/jak-wychowac-dziecko-ktore-sobie-poradzi\/\">https:\/\/pl.aleteia.org\/2017\/07\/23\/jak-wychowac-dziecko-ktore-sobie-poradzi\/<\/a><\/p>\n\n\n\n<p style=\"font-size:15px\">Jen Bricker \u2013 tancerka i akrobatka bez n\u00f3g. Inspiruje ludzi na ca\u0142ym \u015bwiecie <a href=\"https:\/\/pl.aleteia.org\/2017\/06\/27\/jen-bricker-tancerka-i-akrobatka-bez-nog-inspiruje-ludzi-na-calym-swiecie\/\">https:\/\/pl.aleteia.org\/2017\/06\/27\/jen-bricker-tancerka-i-akrobatka-bez-nog-inspiruje-ludzi-na-calym-swiecie\/<\/a><\/p>\n\n\n\n<p style=\"font-size:15px\">Jak uwodzi\u0107 w\u0142asn\u0105 \u017con\u0119? Dobry poradnik,&nbsp;<a href=\"https:\/\/pl.aleteia.org\/2017\/04\/11\/jak-uwodzic-wlasna-zone-krotki-poradnik\/\">https:\/\/pl.aleteia.org\/2017\/04\/11\/jak-uwodzic-wlasna-zone-krotki-poradnik\/<\/a><\/p>\n\n\n\n<p style=\"font-size:15px\">Przepis na szcz\u0119\u015bliw\u0105 singielk\u0119,&nbsp;<a href=\"https:\/\/pl.aleteia.org\/2016\/11\/12\/przepis-na-szczesliwa-singielke\/\">https:\/\/pl.aleteia.org\/2016\/11\/12\/przepis-na-szczesliwa-singielke\/<\/a><\/p>\n\n\n\n<p style=\"font-size:15px\">Portale randkowe. Czy w og\u00f3le warto korzysta\u0107?&nbsp;<a href=\"https:\/\/pl.aleteia.org\/2016\/09\/17\/portale-randkowe-czy-w-ogole-warto-korzystac\/\">https:\/\/pl.aleteia.org\/2016\/09\/17\/portale-randkowe-czy-w-ogole-warto-korzystac\/<\/a><\/p>\n\n\n\n<p style=\"font-size:15px\">Gdzie szuka\u0107 drugiej po\u0142\u00f3wki?&nbsp;<a href=\"https:\/\/pl.aleteia.org\/2016\/09\/08\/gdzie-szukac-drugiej-polowki\/\">https:\/\/pl.aleteia.org\/2016\/09\/08\/gdzie-szukac-drugiej-polowki\/<\/a><\/p>\n\n\n\n<p style=\"font-size:15px\">Drodzy Single, atrakcyjno\u015b\u0107 jest w cenie,&nbsp;<a href=\"https:\/\/pl.aleteia.org\/2016\/08\/28\/drodzy-single-atrakcyjnosc-jest-w-cenie\/\">https:\/\/pl.aleteia.org\/2016\/08\/28\/drodzy-single-atrakcyjnosc-jest-w-cenie\/<\/a><\/p>\n\n\n\n<p style=\"font-size:15px\">Dawka inspiracji dla singli. Co przeczyta\u0107, co obejrze\u0107?&nbsp;<a href=\"https:\/\/pl.aleteia.org\/2016\/08\/22\/dawka-inspiracji-dla-singli-do-poczytania-do-poogladania\/\">https:\/\/pl.aleteia.org\/2016\/08\/22\/dawka-inspiracji-dla-singli-do-poczytania-do-poogladania\/<\/a><\/p>\n\n\n\n<p style=\"font-size:15px\">Jak znale\u017a\u0107 dobrego m\u0119\u017ca? Jak znale\u017a\u0107 dobr\u0105 \u017con\u0119?&nbsp;<a href=\"https:\/\/pl.aleteia.org\/2016\/08\/14\/jak-znalezc-dobrego-meza-jak-znalezc-dobra-zone\/\">https:\/\/pl.aleteia.org\/2016\/08\/14\/jak-znalezc-dobrego-meza-jak-znalezc-dobra-zone\/<\/a><\/p>\n\n\n\n<p style=\"font-size:15px\"><\/p>\n\n\n\n<p style=\"font-size:15px\"><strong>61 inspiruj\u0105cych ludzkich historii<\/strong><\/p>\n\n\n\n<p style=\"font-size:15px\">Tam, gdzie s\u0142o\u0144ce znika na dwa miesi\u0105ce. Polak proboszczem na ko\u0144cu \u015bwiata<\/p>\n\n\n\n<p style=\"font-size:15px\"><a href=\"https:\/\/pl.aleteia.org\/2025\/11\/03\/tam-gdzie-slonce-znika-na-dwa-miesiace-polak-proboszczem-na-koncu-swiata-wywiad\/\">https:\/\/pl.aleteia.org\/2025\/11\/03\/tam-gdzie-slonce-znika-na-dwa-miesiace-polak-proboszczem-na-koncu-swiata-wywiad\/<\/a><\/p>\n\n\n\n<p style=\"font-size:15px\">Zawierzy\u0142am Bogu i wygra\u0142am z rakiem,&nbsp;<a href=\"https:\/\/pl.aleteia.org\/2025\/08\/30\/zawierzylam-bogu-i-wygralam-z-rakiem-wywiad\/\">https:\/\/pl.aleteia.org\/2025\/08\/30\/zawierzylam-bogu-i-wygralam-z-rakiem-wywiad\/<\/a><\/p>\n\n\n\n<p style=\"font-size:15px\">Pi\u0119kno le\u017cy w naszej naturze i jest zadaniem od samego Boga,&nbsp;<a href=\"https:\/\/pl.aleteia.org\/2023\/02\/06\/piekno-lezy-w-naszej-naturze-i-jest-zadaniem-od-samego-boga-wywiad\/\">https:\/\/pl.aleteia.org\/2023\/02\/06\/piekno-lezy-w-naszej-naturze-i-jest-zadaniem-od-samego-boga-wywiad\/<\/a><\/p>\n\n\n\n<p style=\"font-size:15px\">Relacje kobiet po przej\u015bciach, czyli od czego zacz\u0105\u0107?&nbsp;<a href=\"https:\/\/pl.aleteia.org\/2021\/02\/17\/relacje-kobiet-po-przejsciach-czyli-od-czego-zaczac-wywiad\/\">https:\/\/pl.aleteia.org\/2021\/02\/17\/relacje-kobiet-po-przejsciach-czyli-od-czego-zaczac-wywiad\/<\/a><\/p>\n\n\n\n<p style=\"font-size:15px\">Janeczek \u017cyje, bo uratowali go lekarze. Ale pom\u00f3g\u0142 nam B\u00f3g i ludzie <a href=\"https:\/\/pl.aleteia.org\/2021\/12\/16\/janeczek-zyje-bo-uratowali-go-lekarze-ale-pomogl-nam-bog-i-ludzie\/\">https:\/\/pl.aleteia.org\/2021\/12\/16\/janeczek-zyje-bo-uratowali-go-lekarze-ale-pomogl-nam-bog-i-ludzie\/<\/a><\/p>\n\n\n\n<p style=\"font-size:15px\">\u201eDo niedawna wystarczy\u0142o nie pi\u0107 i nie bi\u0107, dzi\u015b to za ma\u0142o\u201d. Jak wygra\u0107 ojcostwo?<a href=\"https:\/\/pl.aleteia.org\/2020\/02\/28\/do-niedawna-wystarczylo-nie-pic-i-nie-bic-dzis-to-za-malo-jak-wygrac-ojcostwo\/\">https:\/\/pl.aleteia.org\/2020\/02\/28\/do-niedawna-wystarczylo-nie-pic-i-nie-bic-dzis-to-za-malo-jak-wygrac-ojcostwo\/<\/a><\/p>\n\n\n\n<p style=\"font-size:15px\">Maciej Miecznikowski: Marzenia nie spe\u0142niaj\u0105 si\u0119 same,&nbsp;<a href=\"https:\/\/pl.aleteia.org\/2020\/01\/13\/maciej-miecznikowski-marzenia-nie-spelniaja-sie-same-wywiad\/\">https:\/\/pl.aleteia.org\/2020\/01\/13\/maciej-miecznikowski-marzenia-nie-spelniaja-sie-same-wywiad\/<\/a><\/p>\n\n\n\n<p style=\"font-size:15px\">M\u00f3wi\u0119 kobietom: \u201ez\u0142apa\u0142a\u015b or\u0142a, nie wyrywaj mu pi\u00f3r, bo b\u0119dzie nielot\u201d<a href=\"https:\/\/pl.aleteia.org\/2019\/09\/25\/mowie-kobietom-zlapalas-orla-nie-wyrywaj-mu-pior-bo-bedzie-nielot-wywiad\/\">https:\/\/pl.aleteia.org\/2019\/09\/25\/mowie-kobietom-zlapalas-orla-nie-wyrywaj-mu-pior-bo-bedzie-nielot-wywiad\/<\/a><\/p>\n\n\n\n<p style=\"font-size:15px\">Marcin Jakimowicz: \u017bona mnie bardzo mocno weryfikuje. I\u2026 to jest pi\u0119kne! <a href=\"https:\/\/pl.aleteia.org\/2019\/09\/02\/marcin-jakimowicz-zona-mnie-bardzo-mocno-weryfikuje-i-to-jest-piekne\/\">https:\/\/pl.aleteia.org\/2019\/09\/02\/marcin-jakimowicz-zona-mnie-bardzo-mocno-weryfikuje-i-to-jest-piekne\/<\/a><\/p>\n\n\n\n<p style=\"font-size:15px\">We\u017a swoje my\u015bli w swoje r\u0119ce! Jak? Odpowiada psychoterapeutka, <a href=\"https:\/\/pl.aleteia.org\/2019\/06\/24\/wez-swoje-mysli-w-swoje-rece-jak-odpowiada-psychoterapeutka-wywiad\/\">https:\/\/pl.aleteia.org\/2019\/06\/24\/wez-swoje-mysli-w-swoje-rece-jak-odpowiada-psychoterapeutka-wywiad\/<\/a><\/p>\n\n\n\n<p style=\"font-size:15px\">Beata Ko\u0142odziej: kobieta nie jest wisienk\u0105 na torcie, jest inspiracj\u0105, <a href=\"https:\/\/pl.aleteia.org\/2019\/06\/17\/beata-kolodziej-kobieta-nie-jest-wisienka-na-torcie-jest-inspiracja-wywiad\/\">https:\/\/pl.aleteia.org\/2019\/06\/17\/beata-kolodziej-kobieta-nie-jest-wisienka-na-torcie-jest-inspiracja-wywiad\/<\/a><\/p>\n\n\n\n<p style=\"font-size:15px\">Anna Popek: Dzi\u015b bardzo siebie lubi\u0119. Ale to wymaga\u0142o pracy,&nbsp;<a href=\"https:\/\/pl.aleteia.org\/2019\/06\/07\/anna-popek-dzis-bardzo-siebie-lubie-ale-to-wymagalo-pracy\/\">https:\/\/pl.aleteia.org\/2019\/06\/07\/anna-popek-dzis-bardzo-siebie-lubie-ale-to-wymagalo-pracy\/<\/a><\/p>\n\n\n\n<p style=\"font-size:15px\">Nick Vujicic: w\u0142a\u015bnie ty mo\u017cesz by\u0107 dla kogo\u015b cudem,&nbsp;<a href=\"https:\/\/pl.aleteia.org\/2019\/06\/03\/nick-vujicic-dla-aletei-wlasnie-ty-mozesz-byc-dla-kogos-cudem\/\">https:\/\/pl.aleteia.org\/2019\/06\/03\/nick-vujicic-dla-aletei-wlasnie-ty-mozesz-byc-dla-kogos-cudem\/<\/a><\/p>\n\n\n\n<p style=\"font-size:15px\">Mariusz Dorot: poczu\u0142em mi\u0142o\u015b\u0107 do starzej\u0105cego si\u0119 cz\u0142owieka. Chc\u0119 pomaga\u0107, <a href=\"https:\/\/pl.aleteia.org\/2019\/05\/22\/mariusz-dorot-poczulem-milosc-do-starzejacego-sie-czlowieka-chce-pomagac\/\">https:\/\/pl.aleteia.org\/2019\/05\/22\/mariusz-dorot-poczulem-milosc-do-starzejacego-sie-czlowieka-chce-pomagac\/<\/a><\/p>\n\n\n\n<p style=\"font-size:15px\">Nasze \u017cycie ubarwia spe\u0142nianie marze\u0144 i robienie tego, co si\u0119 kocha, <a href=\"https:\/\/pl.aleteia.org\/2019\/05\/20\/nasze-zycie-ubarwia-spelnianie-marzen-i-robienie-tego-co-sie-kocha-wywiad\/\">https:\/\/pl.aleteia.org\/2019\/05\/20\/nasze-zycie-ubarwia-spelnianie-marzen-i-robienie-tego-co-sie-kocha-wywiad\/<\/a><\/p>\n\n\n\n<p style=\"font-size:15px\">Nina Tyrka: taniec to dzi\u015b nie tylko rozrywka, ale te\u017c terapia,&nbsp;<a href=\"https:\/\/pl.aleteia.org\/2019\/05\/15\/nina-tyrka-taniec-to-dzis-nie-tylko-rozrywka-ale-tez-terapia-wywiad\/\">https:\/\/pl.aleteia.org\/2019\/05\/15\/nina-tyrka-taniec-to-dzis-nie-tylko-rozrywka-ale-tez-terapia-wywiad\/<\/a><\/p>\n\n\n\n<p style=\"font-size:15px\">Ks. Miros\u0142aw \u201cMalina\u201d Mali\u0144ski: warto wej\u015b\u0107 na drog\u0119 dyskomfortu,&nbsp;<a href=\"https:\/\/pl.aleteia.org\/2019\/05\/10\/ks-miroslaw-malina-malinski-warto-wejsc-na-droge-dyskomfortu-wywiad\/\">https:\/\/pl.aleteia.org\/2019\/05\/10\/ks-miroslaw-malina-malinski-warto-wejsc-na-droge-dyskomfortu-wywiad\/<\/a><\/p>\n\n\n\n<p style=\"font-size:15px\">Jak ukszta\u0142towa\u0107 w sobie dojrza\u0142ego chrze\u015bcijanina? Co pomaga, a co przeszkadza w rozwoju wiary? <a href=\"https:\/\/pl.aleteia.org\/2019\/05\/05\/jak-uksztaltowac-w-sobie-dojrzalego-chrzescijanina-co-pomaga-a-co-przeszkadza-w-rozwoju-wiary\/\">https:\/\/pl.aleteia.org\/2019\/05\/05\/jak-uksztaltowac-w-sobie-dojrzalego-chrzescijanina-co-pomaga-a-co-przeszkadza-w-rozwoju-wiary\/<\/a><\/p>\n\n\n\n<p style=\"font-size:15px\">O. Tomasz Nowak OP: Wsta\u0144 z grz\u0119dy, wyjd\u017a z kurnika, rozprostuj skrzyd\u0142a, <a href=\"https:\/\/pl.aleteia.org\/2019\/05\/02\/o-tomasz-nowak-op-wstan-z-grzedy-wyjdz-z-kurnika-rozprostuj-skrzydla-rozmowa\/\">https:\/\/pl.aleteia.org\/2019\/05\/02\/o-tomasz-nowak-op-wstan-z-grzedy-wyjdz-z-kurnika-rozprostuj-skrzydla-rozmowa\/<\/a><\/p>\n\n\n\n<p style=\"font-size:15px\">Trzy proste zasady, dzi\u0119ki kt\u00f3rym zawsze b\u0119dziesz w formie,&nbsp;<a href=\"https:\/\/pl.aleteia.org\/2019\/04\/22\/trzy-proste-zasady-dzieki-ktorym-zawsze-bedziesz-w-formie-wywiad\/\">https:\/\/pl.aleteia.org\/2019\/04\/22\/trzy-proste-zasady-dzieki-ktorym-zawsze-bedziesz-w-formie-wywiad\/<\/a><\/p>\n\n\n\n<p style=\"font-size:15px\">Trzy sposoby, by posprz\u0105ta\u0107 w swoim \u017cyciu. Jaka \u201emiot\u0142a\u201d czy\u015bci najlepiej?<a href=\"https:\/\/pl.aleteia.org\/2019\/04\/14\/trzy-sposoby-by-posprzatac-w-swoim-zyciu-jaka-miotla-czysci-najlepiej\/\">https:\/\/pl.aleteia.org\/2019\/04\/14\/trzy-sposoby-by-posprzatac-w-swoim-zyciu-jaka-miotla-czysci-najlepiej\/<\/a><\/p>\n\n\n\n<p style=\"font-size:15px\">Dzielne Niewiasty: aby Ko\u015bci\u00f3\u0142 by\u0142 pe\u0142en pi\u0119knych i \u015bwiadomych siebie kobiet, <a href=\"https:\/\/pl.aleteia.org\/2019\/04\/04\/dzielne-niewiasty-aby-kosciol-byl-pelen-pieknych-i-swiadomych-siebie-kobiet\/\">https:\/\/pl.aleteia.org\/2019\/04\/04\/dzielne-niewiasty-aby-kosciol-byl-pelen-pieknych-i-swiadomych-siebie-kobiet\/<\/a><\/p>\n\n\n\n<p style=\"font-size:15px\">Magdalena Witkiewicz: Nauczy\u0142am si\u0119 lubi\u0107 siebie,&nbsp;<a href=\"https:\/\/pl.aleteia.org\/2018\/11\/17\/magdalena-witkiewicz-nauczylam-sie-lubic-siebie-wywiad\/\">https:\/\/pl.aleteia.org\/2018\/11\/17\/magdalena-witkiewicz-nauczylam-sie-lubic-siebie-wywiad\/<\/a><\/p>\n\n\n\n<p style=\"font-size:15px\">Bp Przybylski: Oczy mamy zdrowe, ale zabrudzenia nie pozwalaj\u0105 nam dobrze widzie\u0107. A B\u00f3g jest rewelacyjny!&nbsp;<a href=\"https:\/\/pl.aleteia.org\/2019\/03\/21\/bp-przybylski-oczy-mamy-zdrowe-ale-zabrudzenia-nie-pozwalaja-nam-dobrze-widziec-a-bog-jest-rewelacyjny\/\">https:\/\/pl.aleteia.org\/2019\/03\/21\/bp-przybylski-oczy-mamy-zdrowe-ale-zabrudzenia-nie-pozwalaja-nam-dobrze-widziec-a-bog-jest-rewelacyjny\/<\/a><\/p>\n\n\n\n<p style=\"font-size:15px\">Nie potrafi\u0119 da\u0107 \u017cycia, zawodz\u0119 jako matka\u2026 i dzieje si\u0119 cud!&nbsp;<a href=\"https:\/\/pl.aleteia.org\/2019\/02\/02\/nie-potrafie-dac-zycia-zawodze-jako-matka-i-dzieje-sie-cud-swiadectwo-malzenstwa\/\">https:\/\/pl.aleteia.org\/2019\/02\/02\/nie-potrafie-dac-zycia-zawodze-jako-matka-i-dzieje-sie-cud-swiadectwo-malzenstwa\/<\/a><\/p>\n\n\n\n<p style=\"font-size:15px\">Danuta Stenka: \u015awiadomo\u015b\u0107 Jego obecno\u015bci pomaga mi nabiera\u0107 dystansu, <a href=\"https:\/\/pl.aleteia.org\/2019\/01\/26\/danuta-stenka-swiadomosc-jego-obecnosci-pomaga-mi-nabierac-dystansu-wywiad\/\">https:\/\/pl.aleteia.org\/2019\/01\/26\/danuta-stenka-swiadomosc-jego-obecnosci-pomaga-mi-nabierac-dystansu-wywiad\/<\/a><\/p>\n\n\n\n<p style=\"font-size:15px\">Muzycznie uzdolniony YouTuber i sportsmenka. Niewidomi, kt\u00f3rzy realizuj\u0105 swoje pasje, <a href=\"https:\/\/pl.aleteia.org\/2018\/10\/19\/muzycznie-uzdolniony-youtuber-i-sportsmenka-niewidomi-ktorzy-realizuja-swoje-pasje\/\">https:\/\/pl.aleteia.org\/2018\/10\/19\/muzycznie-uzdolniony-youtuber-i-sportsmenka-niewidomi-ktorzy-realizuja-swoje-pasje\/<\/a><\/p>\n\n\n\n<p style=\"font-size:15px\">Po swojej tragedii pomaga innym ofiarom wypadk\u00f3w. Poznajcie Iwon\u0119 Lis, <a href=\"https:\/\/pl.aleteia.org\/2018\/09\/19\/po-swojej-tragedii-pomaga-innym-ofiarom-wypadkow-poznajcie-iwone-lis\/\">https:\/\/pl.aleteia.org\/2018\/09\/19\/po-swojej-tragedii-pomaga-innym-ofiarom-wypadkow-poznajcie-iwone-lis\/<\/a><\/p>\n\n\n\n<p style=\"font-size:15px\">Mateusz Banaszkiewicz z Kabaretu M\u0142odych Pan\u00f3w: Kiedy B\u00f3g nas obserwuje, trudno Mu si\u0119 nie \u015bmia\u0107, <a href=\"https:\/\/pl.aleteia.org\/2018\/07\/29\/mateusz-banaszkiewicz-kiedy-bog-nas-obserwuje-to-trudno-mu-sie-nie-smiac-wywiad\/\">https:\/\/pl.aleteia.org\/2018\/07\/29\/mateusz-banaszkiewicz-kiedy-bog-nas-obserwuje-to-trudno-mu-sie-nie-smiac-wywiad\/<\/a><\/p>\n\n\n\n<p style=\"font-size:15px\">Emilian Kami\u0144ski: Mo\u017ce Pan B\u00f3g to by\u0142 jedyny Go\u015b\u0107, kt\u00f3ry we mnie wierzy\u0142, <a href=\"https:\/\/pl.aleteia.org\/2018\/06\/24\/emilian-kaminski-moze-pan-bog-to-byl-jedyny-gosc-ktory-we-mnie-wierzyl-wywiad\/\">https:\/\/pl.aleteia.org\/2018\/06\/24\/emilian-kaminski-moze-pan-bog-to-byl-jedyny-gosc-ktory-we-mnie-wierzyl-wywiad\/<\/a><\/p>\n\n\n\n<p style=\"font-size:15px\">Pawe\u0142 Golec: Bez Pana Boga nie by\u0142bym tu, gdzie jestem,&nbsp;<a href=\"https:\/\/pl.aleteia.org\/2018\/04\/15\/pawel-golec-bez-boga-nie-bylbym-tu-gdzie-jestem-wywiad\/\">https:\/\/pl.aleteia.org\/2018\/04\/15\/pawel-golec-bez-boga-nie-bylbym-tu-gdzie-jestem-wywiad\/<\/a><\/p>\n\n\n\n<p style=\"font-size:15px\">Albo i Nie: Duch \u015awi\u0119ty jest najlepsz\u0105 inspiracj\u0105 muzyczn\u0105,&nbsp;<a href=\"https:\/\/pl.aleteia.org\/2017\/12\/02\/albo-i-nie-duch-swiety-jest-najlepsza-inspiracja-muzyczna\/\">https:\/\/pl.aleteia.org\/2017\/12\/02\/albo-i-nie-duch-swiety-jest-najlepsza-inspiracja-muzyczna\/<\/a><\/p>\n\n\n\n<p style=\"font-size:15px\">Ks. Dziewiecki: Kryzys wiary zaczyna si\u0119 zwykle od jednej, konkretnej sfery \u017cycia. Jak si\u0119 chroni\u0107?<a href=\"https:\/\/pl.aleteia.org\/2017\/11\/13\/ks-dziewiecki-kryzys-wiary-zaczyna-sie-zwykle-od-jednej-konkretnej-sfery-zycia-jak-sie-chronic\/\">https:\/\/pl.aleteia.org\/2017\/11\/13\/ks-dziewiecki-kryzys-wiary-zaczyna-sie-zwykle-od-jednej-konkretnej-sfery-zycia-jak-sie-chronic\/<\/a><\/p>\n\n\n\n<p style=\"font-size:15px\">Ks. \u201eMalina\u201d Mali\u0144ski: Nie musi si\u0119 nic zdarzy\u0107, \u017ceby\u015b by\u0142 szcz\u0119\u015bliwy. Ale musisz wyj\u015b\u0107 z siebie, <a href=\"https:\/\/pl.aleteia.org\/2017\/10\/28\/ks-malina-malinski-nie-musi-sie-nic-zdarzyc-zebys-byl-szczesliwy-ale-musisz-wyjsc-z-siebie\/\">https:\/\/pl.aleteia.org\/2017\/10\/28\/ks-malina-malinski-nie-musi-sie-nic-zdarzyc-zebys-byl-szczesliwy-ale-musisz-wyjsc-z-siebie\/<\/a><\/p>\n\n\n\n<p style=\"font-size:15px\">Kiedy zastanawiasz si\u0119, co dalej z Twoim \u017cyciem\u2026 Rozmowa z Arkadio, <a href=\"https:\/\/pl.aleteia.org\/2017\/09\/24\/arkadio-jesli-robisz-to-co-kochasz-powinienes-w-codziennosci-czuc-sie-na-swoim-miejscu\/\">https:\/\/pl.aleteia.org\/2017\/09\/24\/arkadio-jesli-robisz-to-co-kochasz-powinienes-w-codziennosci-czuc-sie-na-swoim-miejscu\/<\/a><\/p>\n\n\n\n<p style=\"font-size:15px\">Sp\u0119dzi\u0142 kilka miesi\u0119cy w Ziemi \u015awi\u0119tej. Dzi\u015b m\u00f3wi: \u201cRodzina to ludzie, kt\u00f3rzy zawsze ci\u0119 przyjm\u0105\u201d, <a href=\"https:\/\/pl.aleteia.org\/2019\/12\/26\/spedzil-kilka-miesiecy-w-ziemi-swietej-dzis-mowi-rodzina-to-ludzie-ktorzy-zawsze-cie-przyjma\/\">https:\/\/pl.aleteia.org\/2019\/12\/26\/spedzil-kilka-miesiecy-w-ziemi-swietej-dzis-mowi-rodzina-to-ludzie-ktorzy-zawsze-cie-przyjma\/<\/a><\/p>\n\n\n\n<p style=\"font-size:15px\">Najwa\u017cniejsze zadanie ojca? Odpowiada tata 10 dzieci,&nbsp;<a href=\"https:\/\/pl.aleteia.org\/2017\/06\/23\/najwazniejsze-zadanie-ojca-odpowiada-tata-10-dzieci\/\">https:\/\/pl.aleteia.org\/2017\/06\/23\/najwazniejsze-zadanie-ojca-odpowiada-tata-10-dzieci\/<\/a><\/p>\n\n\n\n<p style=\"font-size:15px\">Kiedy\u015b my\u015bla\u0142em: Ko\u015bci\u00f3\u0142 ma bardzo s\u0142ab\u0105 ofert\u0119 i pojawi\u0119 si\u0119 w nim, jak si\u0119 zestarzej\u0119, <a href=\"https:\/\/pl.aleteia.org\/2017\/06\/11\/kiedys-myslalem-kosciol-ma-bardzo-slaba-oferte-i-pojawie-sie-w-nim-jak-sie-zestarzeje\/\">https:\/\/pl.aleteia.org\/2017\/06\/11\/kiedys-myslalem-kosciol-ma-bardzo-slaba-oferte-i-pojawie-sie-w-nim-jak-sie-zestarzeje\/<\/a><\/p>\n\n\n\n<p style=\"font-size:15px\">Wkr\u00f3tce sko\u0144cz\u0119 40 lat. Jak si\u0119 do tego przygotowa\u0107?&nbsp;<a href=\"https:\/\/pl.aleteia.org\/2017\/05\/29\/wkrotce-skoncze-40-lat-jak-sie-do-tego-przygotowac\/\">https:\/\/pl.aleteia.org\/2017\/05\/29\/wkrotce-skoncze-40-lat-jak-sie-do-tego-przygotowac\/<\/a><\/p>\n\n\n\n<p style=\"font-size:15px\">Chcecie by\u0107 szcz\u0119\u015bliwym ma\u0142\u017ce\u0144stwem? Joanna Bia\u0142obrzeska ma na to spos\u00f3b! <a href=\"https:\/\/pl.aleteia.org\/2017\/05\/26\/przepisu-na-szczesliwe-malzenstwo-nie-ma-ale-sa-szczesliwe-malzenstwa-jak-to-osiagnac\/\">https:\/\/pl.aleteia.org\/2017\/05\/26\/przepisu-na-szczesliwe-malzenstwo-nie-ma-ale-sa-szczesliwe-malzenstwa-jak-to-osiagnac\/<\/a><\/p>\n\n\n\n<p style=\"font-size:15px\">Schud\u0142a 35 kg i wkr\u00f3tce spe\u0142ni swoje marzenie,&nbsp;<a href=\"https:\/\/pl.aleteia.org\/2017\/05\/19\/schudla-35-kg-i-wkrotce-spelni-swoje-marzenie\/\">https:\/\/pl.aleteia.org\/2017\/05\/19\/schudla-35-kg-i-wkrotce-spelni-swoje-marzenie\/<\/a><\/p>\n\n\n\n<p style=\"font-size:15px\">Ratownik do zada\u0144 specjalnych,&nbsp;<a href=\"https:\/\/pl.aleteia.org\/2017\/05\/04\/ratownik-do-zadan-specjalnych\/\">https:\/\/pl.aleteia.org\/2017\/05\/04\/ratownik-do-zadan-specjalnych\/<\/a><\/p>\n\n\n\n<p style=\"font-size:15px\">Modli\u0142a si\u0119 o dzieci i mieszkanie. Dosta\u0142a to i wiele wi\u0119cej,&nbsp;<a href=\"https:\/\/pl.aleteia.org\/2017\/05\/03\/modlila-sie-o-dzieci-i-mieszkanie-dostala-to-i-wiele-wiecej\/\">https:\/\/pl.aleteia.org\/2017\/05\/03\/modlila-sie-o-dzieci-i-mieszkanie-dostala-to-i-wiele-wiecej\/<\/a><\/p>\n\n\n\n<p style=\"font-size:15px\">Nie pytaj ludzi: czy wierzysz w Boga? Tylko: czy wierzysz Bogu?&nbsp;<a href=\"https:\/\/pl.aleteia.org\/2017\/04\/27\/nie-pytaj-ludzi-czy-wierzysz-w-boga-tylko-czy-wierzysz-bogu\/\">https:\/\/pl.aleteia.org\/2017\/04\/27\/nie-pytaj-ludzi-czy-wierzysz-w-boga-tylko-czy-wierzysz-bogu\/<\/a><\/p>\n\n\n\n<p style=\"font-size:15px\">Dwadzie\u015bcia lat temu poprosi\u0142a \u015bw. Teres\u0119 o pomoc\u2026&nbsp;<a href=\"https:\/\/pl.aleteia.org\/2017\/04\/25\/dwadziescia-lat-temu-poprosila-sw-terese-o-pomoc\/\">https:\/\/pl.aleteia.org\/2017\/04\/25\/dwadziescia-lat-temu-poprosila-sw-terese-o-pomoc\/<\/a><\/p>\n\n\n\n<p style=\"font-size:15px\">Co si\u0119 op\u0142aca? Zaufa\u0107 Bo\u017cemu mi\u0142osierdziu \u2013 uczy\u0142 ks. Feliks Folejewski, <a href=\"https:\/\/pl.aleteia.org\/2017\/03\/21\/co-sie-oplaca-zaufac-bozemu-milosierdziu-uczyl-ks-feliks-folejewski\/\">https:\/\/pl.aleteia.org\/2017\/03\/21\/co-sie-oplaca-zaufac-bozemu-milosierdziu-uczyl-ks-feliks-folejewski\/<\/a><\/p>\n\n\n\n<p style=\"font-size:15px\">\u015aw. J\u00f3zef jest niezawodny! Trzy mocne \u015bwiadectwa,&nbsp;<a href=\"https:\/\/pl.aleteia.org\/2017\/03\/19\/sw-jozef-jest-niezawodny-trzy-mocne-swiadectwa\/\">https:\/\/pl.aleteia.org\/2017\/03\/19\/sw-jozef-jest-niezawodny-trzy-mocne-swiadectwa\/<\/a><\/p>\n\n\n\n<p style=\"font-size:15px\">Wygrali walk\u0119 z rakiem. Teraz wspieraj\u0105 innych chorych za po\u015brednictwem Radia ON,&nbsp;<a href=\"https:\/\/pl.aleteia.org\/2017\/02\/27\/internetowe-radio-on-dla-tych-ktorzy-walcza-z-rakiem\/\">https:\/\/pl.aleteia.org\/2017\/02\/27\/internetowe-radio-on-dla-tych-ktorzy-walcza-z-rakiem\/<\/a><\/p>\n\n\n\n<p style=\"font-size:15px\">Nietypowy urlop na Kaukazie. Czyli pi\u0119kna idea Wyjazd\u00f3w Charytatywnych, <a href=\"https:\/\/pl.aleteia.org\/2017\/01\/11\/nietypowy-urlop-na-kaukazie-czyli-piekna-idea-wyjazdow-charytatywnych\/\">https:\/\/pl.aleteia.org\/2017\/01\/11\/nietypowy-urlop-na-kaukazie-czyli-piekna-idea-wyjazdow-charytatywnych\/<\/a><\/p>\n\n\n\n<p style=\"font-size:15px\">Da\u0142em chorej c\u00f3reczce s\u0142owo, \u017ce znajd\u0119 pomoc, cho\u0107by na ko\u0144cu \u015bwiata, <a href=\"https:\/\/pl.aleteia.org\/2016\/12\/27\/dalem-chorej-coreczce-slowo-ze-znajde-pomoc-chocby-na-koncu-swiata\/\">https:\/\/pl.aleteia.org\/2016\/12\/27\/dalem-chorej-coreczce-slowo-ze-znajde-pomoc-chocby-na-koncu-swiata\/<\/a><\/p>\n\n\n\n<p style=\"font-size:15px\">Leski: po 10 latach pracy na etacie postawi\u0142em na muzyk\u0119,&nbsp;<a href=\"https:\/\/pl.aleteia.org\/2016\/12\/26\/leski-po-10-latach-pracy-na-etacie-postawilem-na-muzyke\/\">https:\/\/pl.aleteia.org\/2016\/12\/26\/leski-po-10-latach-pracy-na-etacie-postawilem-na-muzyke\/<\/a><\/p>\n\n\n\n<p style=\"font-size:15px\">Do\u0142\u0105cz do sieci m\u0119skich przyja\u017ani w Ko\u015bciele!&nbsp;<a href=\"https:\/\/pl.aleteia.org\/2016\/12\/21\/dolacz-do-sieci-meskich-przyjazni-w-kosciele\/\">https:\/\/pl.aleteia.org\/2016\/12\/21\/dolacz-do-sieci-meskich-przyjazni-w-kosciele\/<\/a><\/p>\n\n\n\n<p style=\"font-size:15px\">\u201cKolega z pracy\u201d opowiada o papie\u017cu Franciszku,&nbsp;<a href=\"https:\/\/pl.aleteia.org\/2016\/11\/30\/kolega-z-pracy-opowiada-o-franciszku-wywiad\/\">https:\/\/pl.aleteia.org\/2016\/11\/30\/kolega-z-pracy-opowiada-o-franciszku-wywiad\/<\/a><\/p>\n\n\n\n<p style=\"font-size:15px\">Nigdy nie mieli\u015bmy \u201ecichych dni\u201d. Rozmowa z wdowcem, kt\u00f3ry bardzo kocha\u0142, <a href=\"https:\/\/pl.aleteia.org\/2016\/11\/22\/nigdy-nie-mielismy-cichych-dni-rozmowa-z-wdowcem-ktory-bardzo-kochal\/\">https:\/\/pl.aleteia.org\/2016\/11\/22\/nigdy-nie-mielismy-cichych-dni-rozmowa-z-wdowcem-ktory-bardzo-kochal\/<\/a><\/p>\n\n\n\n<p style=\"font-size:15px\">B\u0142. Karolina K\u00f3zk\u00f3wna nauczy\u0142a mnie modlitwy. Rozmowa z piosenkark\u0105 Mari\u0105 Bober, <a href=\"https:\/\/pl.aleteia.org\/2016\/11\/18\/bl-karolina-kozkowna-nauczyla-mnie-modlitwy-rozmowa-z-piosenkarka-maria-bober\/\">https:\/\/pl.aleteia.org\/2016\/11\/18\/bl-karolina-kozkowna-nauczyla-mnie-modlitwy-rozmowa-z-piosenkarka-maria-bober\/<\/a><\/p>\n\n\n\n<p style=\"font-size:15px\">Przepis na szcz\u0119\u015bliw\u0105 singielk\u0119,&nbsp;<a href=\"https:\/\/pl.aleteia.org\/2016\/11\/12\/przepis-na-szczesliwa-singielke\/\">https:\/\/pl.aleteia.org\/2016\/11\/12\/przepis-na-szczesliwa-singielke\/<\/a><\/p>\n\n\n\n<p style=\"font-size:15px\">Chc\u0119 wyjecha\u0107 na misje. Co mnie tam czeka?&nbsp;<a href=\"https:\/\/pl.aleteia.org\/2016\/10\/27\/chce-wyjechac-do-kraju-misyjnego-co-mnie-tam-spotka\/\">https:\/\/pl.aleteia.org\/2016\/10\/27\/chce-wyjechac-do-kraju-misyjnego-co-mnie-tam-spotka\/<\/a><\/p>\n\n\n\n<p style=\"font-size:15px\">\u017bycie ze mn\u0105 jest zupe\u0142nie normalne,&nbsp;<a href=\"https:\/\/pl.aleteia.org\/2016\/10\/24\/zycie-ze-mna-jest-zupelnie-normalne\/\">https:\/\/pl.aleteia.org\/2016\/10\/24\/zycie-ze-mna-jest-zupelnie-normalne\/<\/a><\/p>\n\n\n\n<p style=\"font-size:15px\">Wyznania by\u0142ej singielki \u2013 1,5 roku randek, 69 zawod\u00f3w, 1 ma\u0142\u017ce\u0144stwo, <a href=\"https:\/\/pl.aleteia.org\/2016\/10\/08\/wyznania-bylej-singielki-15-roku-randek-66-zawodow-1-malzenstwo\/\">https:\/\/pl.aleteia.org\/2016\/10\/08\/wyznania-bylej-singielki-15-roku-randek-66-zawodow-1-malzenstwo\/<\/a><\/p>\n\n\n\n<p style=\"font-size:15px\">D\u0142ugo by\u0142em singlem\u2026&nbsp;<a href=\"https:\/\/pl.aleteia.org\/2016\/10\/02\/dlugo-bylem-singlem\/\">https:\/\/pl.aleteia.org\/2016\/10\/02\/dlugo-bylem-singlem\/<\/a><\/p>\n\n\n\n<p style=\"font-size:15px\">Afryka\u0144czycy s\u0105 rado\u015bniejsi od nas. Rozmowa z wolontariuszk\u0105 pracuj\u0105c\u0105 w Rwandzie, <a href=\"https:\/\/pl.aleteia.org\/2016\/09\/19\/afrykanczycy-sa-radosniejsi-od-nas-rozmowa-z-wolontariuszka-pracujaca-w-rwandzie\/\">https:\/\/pl.aleteia.org\/2016\/09\/19\/afrykanczycy-sa-radosniejsi-od-nas-rozmowa-z-wolontariuszka-pracujaca-w-rwandzie\/<\/a><\/p>\n","protected":false},"excerpt":{"rendered":"<p>72 artyku\u0142y motywacyjne i 61 inspiruj\u0105cych historii przygotowanych dla portalu Aleteia Jak osi\u0105ga\u0107 zamierzone cele? Poznaj 5 sprawdzonych sposob\u00f3w, kt\u00f3re zaprowadz\u0105 ci\u0119 do wielkiej zmiany,&nbsp;https:\/\/pl.aleteia.org\/2025\/03\/15\/jak-osiagac-zamierzone-cele-poznaj-5-sprawdzonych-sposobow-ktore-zaprowadza-cie-do-wielkiej-zmiany\/ Chcia\u0142aby\u015b, ale si\u0119 boisz? Trzy rzeczy, kt\u00f3re Ci pomog\u0105,&nbsp;https:\/\/pl.aleteia.org\/2025\/02\/20\/chcialabys-ale-sie-boisz-trzy-rzeczy-ktore-ci-pomoga\/ Jak by\u0107 pe\u0142nym nadziei i wierzy\u0107&#8230; <a href=\"https:\/\/katarzynamatusz.pl\/?page_id=47\" class=\"readmore\">Dowiedz si\u0119 wi\u0119cej<span class=\"screen-reader-text\">Artyku\u0142y<\/span><span class=\"fa fa-angle-double-right\" aria-hidden=\"true\"><\/span><\/a><\/p>\n","protected":false},"author":1,"featured_media":0,"parent":0,"menu_order":0,"comment_status":"closed","ping_status":"closed","template":"","meta":{"footnotes":""},"class_list":["post-47","page","type-page","status-publish","hentry"],"yoast_head":"<!-- This site is optimized with the Yoast SEO plugin v27.4 - https:\/\/yoast.com\/product\/yoast-seo-wordpress\/ -->\n<title>Artyku\u0142y - Katarzyna Matusz<\/title>\n<meta name=\"robots\" content=\"index, follow, max-snippet:-1, max-image-preview:large, max-video-preview:-1\" \/>\n<link rel=\"canonical\" href=\"https:\/\/katarzynamatusz.pl\/?page_id=47\" \/>\n<meta property=\"og:locale\" content=\"pl_PL\" \/>\n<meta property=\"og:type\" content=\"article\" \/>\n<meta property=\"og:title\" content=\"Artyku\u0142y - Katarzyna Matusz\" \/>\n<meta property=\"og:description\" content=\"72 artyku\u0142y motywacyjne i 61 inspiruj\u0105cych historii przygotowanych dla portalu Aleteia Jak osi\u0105ga\u0107 zamierzone cele? Poznaj 5 sprawdzonych sposob\u00f3w, kt\u00f3re zaprowadz\u0105 ci\u0119 do wielkiej zmiany,&nbsp;https:\/\/pl.aleteia.org\/2025\/03\/15\/jak-osiagac-zamierzone-cele-poznaj-5-sprawdzonych-sposobow-ktore-zaprowadza-cie-do-wielkiej-zmiany\/ Chcia\u0142aby\u015b, ale si\u0119 boisz? Trzy rzeczy, kt\u00f3re Ci pomog\u0105,&nbsp;https:\/\/pl.aleteia.org\/2025\/02\/20\/chcialabys-ale-sie-boisz-trzy-rzeczy-ktore-ci-pomoga\/ Jak by\u0107 pe\u0142nym nadziei i wierzy\u0107... Dowiedz si\u0119 wi\u0119cejArtyku\u0142y\" \/>\n<meta property=\"og:url\" content=\"https:\/\/katarzynamatusz.pl\/?page_id=47\" \/>\n<meta property=\"og:site_name\" content=\"Katarzyna Matusz\" \/>\n<meta property=\"article:modified_time\" content=\"2026-04-13T21:48:56+00:00\" \/>\n<meta name=\"twitter:card\" content=\"summary_large_image\" \/>\n<meta name=\"twitter:label1\" content=\"Szacowany czas czytania\" \/>\n\t<meta name=\"twitter:data1\" content=\"9 minut\" \/>\n<script type=\"application\/ld+json\" class=\"yoast-schema-graph\">{\"@context\":\"https:\\\/\\\/schema.org\",\"@graph\":[{\"@type\":\"WebPage\",\"@id\":\"https:\\\/\\\/katarzynamatusz.pl\\\/?page_id=47\",\"url\":\"https:\\\/\\\/katarzynamatusz.pl\\\/?page_id=47\",\"name\":\"Artyku\u0142y - Katarzyna Matusz\",\"isPartOf\":{\"@id\":\"http:\\\/\\\/katarzynamatusz.pl\\\/#website\"},\"datePublished\":\"2026-04-13T19:02:24+00:00\",\"dateModified\":\"2026-04-13T21:48:56+00:00\",\"breadcrumb\":{\"@id\":\"https:\\\/\\\/katarzynamatusz.pl\\\/?page_id=47#breadcrumb\"},\"inLanguage\":\"pl-PL\",\"potentialAction\":[{\"@type\":\"ReadAction\",\"target\":[\"https:\\\/\\\/katarzynamatusz.pl\\\/?page_id=47\"]}]},{\"@type\":\"BreadcrumbList\",\"@id\":\"https:\\\/\\\/katarzynamatusz.pl\\\/?page_id=47#breadcrumb\",\"itemListElement\":[{\"@type\":\"ListItem\",\"position\":1,\"name\":\"Home\",\"item\":\"http:\\\/\\\/katarzynamatusz.pl\\\/\"},{\"@type\":\"ListItem\",\"position\":2,\"name\":\"Artyku\u0142y\"}]},{\"@type\":\"WebSite\",\"@id\":\"http:\\\/\\\/katarzynamatusz.pl\\\/#website\",\"url\":\"http:\\\/\\\/katarzynamatusz.pl\\\/\",\"name\":\"Katarzyna Matusz\",\"description\":\"\",\"publisher\":{\"@id\":\"http:\\\/\\\/katarzynamatusz.pl\\\/#organization\"},\"potentialAction\":[{\"@type\":\"SearchAction\",\"target\":{\"@type\":\"EntryPoint\",\"urlTemplate\":\"http:\\\/\\\/katarzynamatusz.pl\\\/?s={search_term_string}\"},\"query-input\":{\"@type\":\"PropertyValueSpecification\",\"valueRequired\":true,\"valueName\":\"search_term_string\"}}],\"inLanguage\":\"pl-PL\"},{\"@type\":\"Organization\",\"@id\":\"http:\\\/\\\/katarzynamatusz.pl\\\/#organization\",\"name\":\"Katarzyna Matusz\",\"url\":\"http:\\\/\\\/katarzynamatusz.pl\\\/\",\"logo\":{\"@type\":\"ImageObject\",\"inLanguage\":\"pl-PL\",\"@id\":\"http:\\\/\\\/katarzynamatusz.pl\\\/#\\\/schema\\\/logo\\\/image\\\/\",\"url\":\"https:\\\/\\\/katarzynamatusz.pl\\\/wp-content\\\/uploads\\\/2026\\\/04\\\/cropped-cropped-400JpgdpiLogo-1-scaled-1-e1776166101623.jpg\",\"contentUrl\":\"https:\\\/\\\/katarzynamatusz.pl\\\/wp-content\\\/uploads\\\/2026\\\/04\\\/cropped-cropped-400JpgdpiLogo-1-scaled-1-e1776166101623.jpg\",\"width\":112,\"height\":112,\"caption\":\"Katarzyna Matusz\"},\"image\":{\"@id\":\"http:\\\/\\\/katarzynamatusz.pl\\\/#\\\/schema\\\/logo\\\/image\\\/\"}}]}<\/script>\n<!-- \/ Yoast SEO plugin. -->","yoast_head_json":{"title":"Artyku\u0142y - Katarzyna Matusz","robots":{"index":"index","follow":"follow","max-snippet":"max-snippet:-1","max-image-preview":"max-image-preview:large","max-video-preview":"max-video-preview:-1"},"canonical":"https:\/\/katarzynamatusz.pl\/?page_id=47","og_locale":"pl_PL","og_type":"article","og_title":"Artyku\u0142y - Katarzyna Matusz","og_description":"72 artyku\u0142y motywacyjne i 61 inspiruj\u0105cych historii przygotowanych dla portalu Aleteia Jak osi\u0105ga\u0107 zamierzone cele? Poznaj 5 sprawdzonych sposob\u00f3w, kt\u00f3re zaprowadz\u0105 ci\u0119 do wielkiej zmiany,&nbsp;https:\/\/pl.aleteia.org\/2025\/03\/15\/jak-osiagac-zamierzone-cele-poznaj-5-sprawdzonych-sposobow-ktore-zaprowadza-cie-do-wielkiej-zmiany\/ Chcia\u0142aby\u015b, ale si\u0119 boisz? Trzy rzeczy, kt\u00f3re Ci pomog\u0105,&nbsp;https:\/\/pl.aleteia.org\/2025\/02\/20\/chcialabys-ale-sie-boisz-trzy-rzeczy-ktore-ci-pomoga\/ Jak by\u0107 pe\u0142nym nadziei i wierzy\u0107... Dowiedz si\u0119 wi\u0119cejArtyku\u0142y","og_url":"https:\/\/katarzynamatusz.pl\/?page_id=47","og_site_name":"Katarzyna Matusz","article_modified_time":"2026-04-13T21:48:56+00:00","twitter_card":"summary_large_image","twitter_misc":{"Szacowany czas czytania":"9 minut"},"schema":{"@context":"https:\/\/schema.org","@graph":[{"@type":"WebPage","@id":"https:\/\/katarzynamatusz.pl\/?page_id=47","url":"https:\/\/katarzynamatusz.pl\/?page_id=47","name":"Artyku\u0142y - Katarzyna Matusz","isPartOf":{"@id":"http:\/\/katarzynamatusz.pl\/#website"},"datePublished":"2026-04-13T19:02:24+00:00","dateModified":"2026-04-13T21:48:56+00:00","breadcrumb":{"@id":"https:\/\/katarzynamatusz.pl\/?page_id=47#breadcrumb"},"inLanguage":"pl-PL","potentialAction":[{"@type":"ReadAction","target":["https:\/\/katarzynamatusz.pl\/?page_id=47"]}]},{"@type":"BreadcrumbList","@id":"https:\/\/katarzynamatusz.pl\/?page_id=47#breadcrumb","itemListElement":[{"@type":"ListItem","position":1,"name":"Home","item":"http:\/\/katarzynamatusz.pl\/"},{"@type":"ListItem","position":2,"name":"Artyku\u0142y"}]},{"@type":"WebSite","@id":"http:\/\/katarzynamatusz.pl\/#website","url":"http:\/\/katarzynamatusz.pl\/","name":"Katarzyna Matusz","description":"","publisher":{"@id":"http:\/\/katarzynamatusz.pl\/#organization"},"potentialAction":[{"@type":"SearchAction","target":{"@type":"EntryPoint","urlTemplate":"http:\/\/katarzynamatusz.pl\/?s={search_term_string}"},"query-input":{"@type":"PropertyValueSpecification","valueRequired":true,"valueName":"search_term_string"}}],"inLanguage":"pl-PL"},{"@type":"Organization","@id":"http:\/\/katarzynamatusz.pl\/#organization","name":"Katarzyna Matusz","url":"http:\/\/katarzynamatusz.pl\/","logo":{"@type":"ImageObject","inLanguage":"pl-PL","@id":"http:\/\/katarzynamatusz.pl\/#\/schema\/logo\/image\/","url":"https:\/\/katarzynamatusz.pl\/wp-content\/uploads\/2026\/04\/cropped-cropped-400JpgdpiLogo-1-scaled-1-e1776166101623.jpg","contentUrl":"https:\/\/katarzynamatusz.pl\/wp-content\/uploads\/2026\/04\/cropped-cropped-400JpgdpiLogo-1-scaled-1-e1776166101623.jpg","width":112,"height":112,"caption":"Katarzyna Matusz"},"image":{"@id":"http:\/\/katarzynamatusz.pl\/#\/schema\/logo\/image\/"}}]}},"_links":{"self":[{"href":"https:\/\/katarzynamatusz.pl\/index.php?rest_route=\/wp\/v2\/pages\/47","targetHints":{"allow":["GET"]}}],"collection":[{"href":"https:\/\/katarzynamatusz.pl\/index.php?rest_route=\/wp\/v2\/pages"}],"about":[{"href":"https:\/\/katarzynamatusz.pl\/index.php?rest_route=\/wp\/v2\/types\/page"}],"author":[{"embeddable":true,"href":"https:\/\/katarzynamatusz.pl\/index.php?rest_route=\/wp\/v2\/users\/1"}],"replies":[{"embeddable":true,"href":"https:\/\/katarzynamatusz.pl\/index.php?rest_route=%2Fwp%2Fv2%2Fcomments&post=47"}],"version-history":[{"count":8,"href":"https:\/\/katarzynamatusz.pl\/index.php?rest_route=\/wp\/v2\/pages\/47\/revisions"}],"predecessor-version":[{"id":120,"href":"https:\/\/katarzynamatusz.pl\/index.php?rest_route=\/wp\/v2\/pages\/47\/revisions\/120"}],"wp:attachment":[{"href":"https:\/\/katarzynamatusz.pl\/index.php?rest_route=%2Fwp%2Fv2%2Fmedia&parent=47"}],"curies":[{"name":"wp","href":"https:\/\/api.w.org\/{rel}","templated":true}]}}